{"id":1701,"date":"2023-08-15T21:18:50","date_gmt":"2023-08-15T21:18:50","guid":{"rendered":"https:\/\/www.artminium.com\/?page_id=1701"},"modified":"2025-12-12T13:04:56","modified_gmt":"2025-12-12T10:04:56","slug":"toiture-bioclimatique-automatique","status":"publish","type":"page","link":"https:\/\/www.artminium.com\/fr\/toiture-bioclimatique-automatique\/","title":{"rendered":"Pergola Bioclimatique Automatique"},"content":{"rendered":"<div data-elementor-type=\"wp-page\" data-elementor-id=\"1701\" class=\"elementor elementor-1701\" data-elementor-post-type=\"page\">\n\t\t\t\t\t\t<section class=\"elementor-section elementor-top-section elementor-element elementor-element-4be2d45 elementor-section-boxed elementor-section-height-default elementor-section-height-default\" data-id=\"4be2d45\" data-element_type=\"section\" data-settings=\"{&quot;background_background&quot;:&quot;video&quot;,&quot;background_video_link&quot;:&quot;https:\\\/\\\/www.artminium.com\\\/wp-content\\\/uploads\\\/2023\\\/08\\\/Bioclimatic-5_EncoArt.mp4&quot;,&quot;background_video_start&quot;:8,&quot;background_video_end&quot;:20}\">\n\t\t\t\t\t\t\t\t<div class=\"elementor-background-video-container elementor-hidden-mobile\" aria-hidden=\"true\">\n\t\t\t\t\t\t\t\t\t\t\t\t\t<video class=\"elementor-background-video-hosted\" autoplay muted playsinline loop><\/video>\n\t\t\t\t\t\t\t\t\t\t\t<\/div>\n\t\t\t\t\t\t\t\t\t<div class=\"elementor-background-overlay\"><\/div>\n\t\t\t\t\t\t\t<div class=\"elementor-container elementor-column-gap-no\">\n\t\t\t\t\t<div class=\"elementor-column elementor-col-100 elementor-top-column elementor-element elementor-element-a085dea\" data-id=\"a085dea\" data-element_type=\"column\">\n\t\t\t<div class=\"elementor-widget-wrap elementor-element-populated\">\n\t\t\t\t\t\t<div class=\"elementor-element elementor-element-cc435a4 elementor-widget elementor-widget-heading\" data-id=\"cc435a4\" data-element_type=\"widget\" data-widget_type=\"heading.default\">\n\t\t\t\t<div class=\"elementor-widget-container\">\n\t\t\t\t\t<h1 class=\"elementor-heading-title elementor-size-default\">Pergola bioclimatique automatique<\/h1>\t\t\t\t<\/div>\n\t\t\t\t<\/div>\n\t\t\t\t<div class=\"elementor-element elementor-element-c2a74f2 elementor-widget elementor-widget-text-editor\" data-id=\"c2a74f2\" data-element_type=\"widget\" data-widget_type=\"text-editor.default\">\n\t\t\t\t<div class=\"elementor-widget-container\">\n\t\t\t\t\t\t\t\t\t<div class=\"elementor-element elementor-element-3ab01a4 elementor-widget elementor-widget-heading\" data-id=\"3ab01a4\" data-element_type=\"widget\" data-widget_type=\"heading.default\">\n<div class=\"elementor-widget-container\">\n<p class=\"elementor-heading-title elementor-size-medium\"><b>NOUS AVONS AJOUT\u00c9 LE MOUVEMENT \u00c0 L&#039;ARCHITECTURE\u00a0!<\/b><\/p>\n<\/div>\n<\/div>\t\t\t\t\t\t\t\t<\/div>\n\t\t\t\t<\/div>\n\t\t\t\t<div class=\"elementor-element elementor-element-f89db5b elementor-align-center elementor-widget elementor-widget-button\" data-id=\"f89db5b\" data-element_type=\"widget\" data-widget_type=\"button.default\">\n\t\t\t\t<div class=\"elementor-widget-container\">\n\t\t\t\t\t\t\t\t\t<div class=\"elementor-button-wrapper\">\n\t\t\t\t\t<a class=\"elementor-button elementor-button-link elementor-size-sm\" href=\"https:\/\/api.whatsapp.com\/send\/?phone=905338118895&#038;text&#038;type=phone_number&#038;app_absent=0\" target=\"_blank\" rel=\"noopener\">\n\t\t\t\t\t\t<span class=\"elementor-button-content-wrapper\">\n\t\t\t\t\t\t<span class=\"elementor-button-icon\">\n\t\t\t\t<i aria-hidden=\"true\" class=\"fas fa-chevron-right\"><\/i>\t\t\t<\/span>\n\t\t\t\t\t\t\t\t\t<span class=\"elementor-button-text\">CLIQUEZ POUR L&#039;OFFRE DE PRIX EN LIGNE<\/span>\n\t\t\t\t\t<\/span>\n\t\t\t\t\t<\/a>\n\t\t\t\t<\/div>\n\t\t\t\t\t\t\t\t<\/div>\n\t\t\t\t<\/div>\n\t\t\t\t\t<\/div>\n\t\t<\/div>\n\t\t\t\t\t<\/div>\n\t\t<\/section>\n\t\t\t\t<section class=\"elementor-section elementor-top-section elementor-element elementor-element-0988468 elementor-section-boxed elementor-section-height-default elementor-section-height-default\" data-id=\"0988468\" data-element_type=\"section\" data-settings=\"{&quot;background_background&quot;:&quot;classic&quot;}\">\n\t\t\t\t\t\t<div class=\"elementor-container elementor-column-gap-default\">\n\t\t\t\t\t<div class=\"elementor-column elementor-col-100 elementor-top-column elementor-element elementor-element-6a81dbc\" data-id=\"6a81dbc\" data-element_type=\"column\">\n\t\t\t<div class=\"elementor-widget-wrap elementor-element-populated\">\n\t\t\t\t\t\t<div class=\"elementor-element elementor-element-adcc5d9 elementor-widget elementor-widget-heading\" data-id=\"adcc5d9\" data-element_type=\"widget\" data-widget_type=\"heading.default\">\n\t\t\t\t<div class=\"elementor-widget-container\">\n\t\t\t\t\t<h2 class=\"elementor-heading-title elementor-size-default\">Types de pergolas bioclimatiques<\/h2>\t\t\t\t<\/div>\n\t\t\t\t<\/div>\n\t\t\t\t<div class=\"elementor-element elementor-element-1e8251b elementor-arrows-position-inside elementor-invisible elementor-widget elementor-widget-image-carousel\" data-id=\"1e8251b\" data-element_type=\"widget\" data-settings=\"{&quot;slides_to_show&quot;:&quot;5&quot;,&quot;slides_to_scroll&quot;:&quot;5&quot;,&quot;autoplay_speed&quot;:6000,&quot;_animation&quot;:&quot;fadeIn&quot;,&quot;slides_to_show_mobile&quot;:&quot;2&quot;,&quot;slides_to_scroll_mobile&quot;:&quot;1&quot;,&quot;navigation&quot;:&quot;arrows&quot;,&quot;autoplay&quot;:&quot;yes&quot;,&quot;pause_on_hover&quot;:&quot;yes&quot;,&quot;pause_on_interaction&quot;:&quot;yes&quot;,&quot;infinite&quot;:&quot;yes&quot;,&quot;speed&quot;:500}\" data-widget_type=\"image-carousel.default\">\n\t\t\t\t<div class=\"elementor-widget-container\">\n\t\t\t\t\t\t\t<div class=\"elementor-image-carousel-wrapper swiper\" role=\"region\" aria-roledescription=\"carousel\" aria-label=\"Cycle d&#039;images\" dir=\"ltr\">\n\t\t\t<div class=\"elementor-image-carousel swiper-wrapper\" aria-live=\"off\">\n\t\t\t\t\t\t\t\t<div class=\"swiper-slide\" role=\"group\" aria-roledescription=\"slide\" aria-label=\"1 de 4\" data-no-translation-aria-label=\"\"><figure class=\"swiper-slide-inner\"><img decoding=\"async\" class=\"swiper-slide-image\" src=\"https:\/\/www.artminium.com\/wp-content\/uploads\/2023\/08\/katlanir_kapi_bioclimatic-300x167-1-150x150.jpg\" alt=\"porte_pliante_bioclimatique-300x167\" \/><\/figure><\/div><div class=\"swiper-slide\" role=\"group\" aria-roledescription=\"slide\" aria-label=\"2 de 4\" data-no-translation-aria-label=\"\"><figure class=\"swiper-slide-inner\"><img decoding=\"async\" class=\"swiper-slide-image\" src=\"https:\/\/www.artminium.com\/wp-content\/uploads\/2023\/08\/Bioclimatic-Otomatik-Giyon-Cam-Sistem-150x150.webp\" alt=\"Pergola Bioclimatique en Verre Guillotine\" \/><\/figure><\/div><div class=\"swiper-slide\" role=\"group\" aria-roledescription=\"slide\" aria-label=\"3 de 4\" data-no-translation-aria-label=\"\"><figure class=\"swiper-slide-inner\"><img decoding=\"async\" class=\"swiper-slide-image\" src=\"https:\/\/www.artminium.com\/wp-content\/uploads\/2023\/08\/klasik-surme-sistemler_bioclimatic-300x166.jpg-150x150.webp\" alt=\"classic-surme-systems_bioclimatic-300x166.jpg\" \/><\/figure><\/div><div class=\"swiper-slide\" role=\"group\" aria-roledescription=\"slide\" aria-label=\"4 de 4\" data-no-translation-aria-label=\"\"><figure class=\"swiper-slide-inner\"><img decoding=\"async\" class=\"swiper-slide-image\" src=\"https:\/\/www.artminium.com\/wp-content\/uploads\/2023\/08\/Bioclimatic-Kaldir-Sur-Cam-Sistem-150x150.webp\" alt=\"Bioclimatique + Syst\u00e8me de Verre Levant et Coulissant\" \/><\/figure><\/div>\t\t\t<\/div>\n\t\t\t\t\t\t\t\t\t\t\t\t<div class=\"elementor-swiper-button elementor-swiper-button-prev\" role=\"button\" tabindex=\"0\">\n\t\t\t\t\t\t<i aria-hidden=\"true\" class=\"eicon-chevron-left\"><\/i>\t\t\t\t\t<\/div>\n\t\t\t\t\t<div class=\"elementor-swiper-button elementor-swiper-button-next\" role=\"button\" tabindex=\"0\">\n\t\t\t\t\t\t<i aria-hidden=\"true\" class=\"eicon-chevron-right\"><\/i>\t\t\t\t\t<\/div>\n\t\t\t\t\n\t\t\t\t\t\t\t\t\t<\/div>\n\t\t\t\t\t\t<\/div>\n\t\t\t\t<\/div>\n\t\t\t\t\t<\/div>\n\t\t<\/div>\n\t\t\t\t\t<\/div>\n\t\t<\/section>\n\t\t\t\t<section class=\"elementor-section elementor-top-section elementor-element elementor-element-9f0341d elementor-section-boxed elementor-section-height-default elementor-section-height-default\" data-id=\"9f0341d\" data-element_type=\"section\" data-settings=\"{&quot;background_background&quot;:&quot;classic&quot;}\">\n\t\t\t\t\t\t<div class=\"elementor-container elementor-column-gap-default\">\n\t\t\t\t\t<div class=\"elementor-column elementor-col-100 elementor-top-column elementor-element elementor-element-7c3da2e\" data-id=\"7c3da2e\" data-element_type=\"column\">\n\t\t\t<div class=\"elementor-widget-wrap elementor-element-populated\">\n\t\t\t\t\t\t<div class=\"elementor-element elementor-element-6c6cf11 elementor-widget elementor-widget-heading\" data-id=\"6c6cf11\" data-element_type=\"widget\" data-widget_type=\"heading.default\">\n\t\t\t\t<div class=\"elementor-widget-container\">\n\t\t\t\t\t<h2 class=\"elementor-heading-title elementor-size-default\">Nos mod\u00e8les de pergolas bioclimatiques<\/h2>\t\t\t\t<\/div>\n\t\t\t\t<\/div>\n\t\t\t\t\t<\/div>\n\t\t<\/div>\n\t\t\t\t\t<\/div>\n\t\t<\/section>\n\t\t\t\t<section class=\"elementor-section elementor-top-section elementor-element elementor-element-037b2f7 elementor-section-boxed elementor-section-height-default elementor-section-height-default\" data-id=\"037b2f7\" data-element_type=\"section\">\n\t\t\t\t\t\t<div class=\"elementor-container elementor-column-gap-default\">\n\t\t\t\t\t<div class=\"elementor-column elementor-col-50 elementor-top-column elementor-element elementor-element-9093b09\" data-id=\"9093b09\" data-element_type=\"column\">\n\t\t\t<div class=\"elementor-widget-wrap elementor-element-populated\">\n\t\t\t\t\t\t<div class=\"elementor-element elementor-element-4dede67 elementor-widget elementor-widget-heading\" data-id=\"4dede67\" data-element_type=\"widget\" data-widget_type=\"heading.default\">\n\t\t\t\t<div class=\"elementor-widget-container\">\n\t\t\t\t\t<h2 class=\"elementor-heading-title elementor-size-default\">Pergola bioclimatique automatique<\/h2>\t\t\t\t<\/div>\n\t\t\t\t<\/div>\n\t\t\t\t<div class=\"elementor-element elementor-element-f73aee3 elementor-widget elementor-widget-text-editor\" data-id=\"f73aee3\" data-element_type=\"widget\" data-widget_type=\"text-editor.default\">\n\t\t\t\t<div class=\"elementor-widget-container\">\n\t\t\t\t\t\t\t\t\t<h3>Qu&#039;est-ce qu&#039;une pergola bioclimatique ?<\/h3><p>La pergola bioclimatique ArtminiuM est un syst\u00e8me r\u00e9tractable \u00e9quip\u00e9 de panneaux en aluminium et assure la ventilation en ouvrant compl\u00e8tement et en tournant les panneaux \u00e0 90 degr\u00e9s en place. Il s&#039;adapte aux conditions climatiques ext\u00e9rieures et offre un confort \u00e0 l&#039;utilisateur en toutes saisons. En ajustant les angles des panneaux, l&#039;environnement id\u00e9al peut \u00eatre cr\u00e9\u00e9 en fonction de facteurs tels que le soleil, la pluie et le vent. Les syst\u00e8mes de pergola bioclimatiques, qui assurent une climatisation naturelle, offrent une solution moderne dans les espaces ext\u00e9rieurs gr\u00e2ce \u00e0 leur structure esth\u00e9tique et fonctionnelle.<\/p>\t\t\t\t\t\t\t\t<\/div>\n\t\t\t\t<\/div>\n\t\t\t\t\t<\/div>\n\t\t<\/div>\n\t\t\t\t<div class=\"elementor-column elementor-col-50 elementor-top-column elementor-element elementor-element-9e2d0c6\" data-id=\"9e2d0c6\" data-element_type=\"column\">\n\t\t\t<div class=\"elementor-widget-wrap elementor-element-populated\">\n\t\t\t\t\t\t<div class=\"elementor-element elementor-element-1cc8157 elementor-widget elementor-widget-text-editor\" data-id=\"1cc8157\" data-element_type=\"widget\" data-widget_type=\"text-editor.default\">\n\t\t\t\t<div class=\"elementor-widget-container\">\n\t\t\t\t\t\t\t\t\t<h2>Informations techniques sur les pergolas bioclimatiques<\/h2>\t\t\t\t\t\t\t\t<\/div>\n\t\t\t\t<\/div>\n\t\t\t\t<div class=\"elementor-element elementor-element-b356b9d elementor-icon-list--layout-traditional elementor-list-item-link-full_width elementor-widget elementor-widget-icon-list\" data-id=\"b356b9d\" data-element_type=\"widget\" data-widget_type=\"icon-list.default\">\n\t\t\t\t<div class=\"elementor-widget-container\">\n\t\t\t\t\t\t\t<ul class=\"elementor-icon-list-items\">\n\t\t\t\t\t\t\t<li class=\"elementor-icon-list-item\">\n\t\t\t\t\t\t\t\t\t\t\t<span class=\"elementor-icon-list-icon\">\n\t\t\t\t\t\t\t<i aria-hidden=\"true\" class=\"fas fa-check-square\"><\/i>\t\t\t\t\t\t<\/span>\n\t\t\t\t\t\t\t\t\t\t<span class=\"elementor-icon-list-text\">\u00c9paisseur de paroi en aluminium entre 2 et 3 mm.<\/span>\n\t\t\t\t\t\t\t\t\t<\/li>\n\t\t\t\t\t\t\t\t<li class=\"elementor-icon-list-item\">\n\t\t\t\t\t\t\t\t\t\t\t<span class=\"elementor-icon-list-icon\">\n\t\t\t\t\t\t\t<i aria-hidden=\"true\" class=\"fas fa-check-square\"><\/i>\t\t\t\t\t\t<\/span>\n\t\t\t\t\t\t\t\t\t\t<span class=\"elementor-icon-list-text\">Garantie d&#039;\u00e9tanch\u00e9it\u00e9 avec serrage du joint EPDM.<\/span>\n\t\t\t\t\t\t\t\t\t<\/li>\n\t\t\t\t\t\t\t\t<li class=\"elementor-icon-list-item\">\n\t\t\t\t\t\t\t\t\t\t\t<span class=\"elementor-icon-list-icon\">\n\t\t\t\t\t\t\t<i aria-hidden=\"true\" class=\"fas fa-check-square\"><\/i>\t\t\t\t\t\t<\/span>\n\t\t\t\t\t\t\t\t\t\t<span class=\"elementor-icon-list-text\">Rev\u00eatement inoxydable sur les raccords et accessoires en acier.<\/span>\n\t\t\t\t\t\t\t\t\t<\/li>\n\t\t\t\t\t\t\t\t<li class=\"elementor-icon-list-item\">\n\t\t\t\t\t\t\t\t\t\t\t<span class=\"elementor-icon-list-icon\">\n\t\t\t\t\t\t\t<i aria-hidden=\"true\" class=\"fas fa-check-square\"><\/i>\t\t\t\t\t\t<\/span>\n\t\t\t\t\t\t\t\t\t\t<span class=\"elementor-icon-list-text\">Traitement thermique T6 r\u00e9sistant \u00e0 la Corrosion, alliage d&#039;aluminium 6063<\/span>\n\t\t\t\t\t\t\t\t\t<\/li>\n\t\t\t\t\t\t\t\t<li class=\"elementor-icon-list-item\">\n\t\t\t\t\t\t\t\t\t\t\t<span class=\"elementor-icon-list-icon\">\n\t\t\t\t\t\t\t<i aria-hidden=\"true\" class=\"fas fa-check-square\"><\/i>\t\t\t\t\t\t<\/span>\n\t\t\t\t\t\t\t\t\t\t<span class=\"elementor-icon-list-text\">Isolation thermique \u2013 Option sans isolation thermique<\/span>\n\t\t\t\t\t\t\t\t\t<\/li>\n\t\t\t\t\t\t\t\t<li class=\"elementor-icon-list-item\">\n\t\t\t\t\t\t\t\t\t\t\t<span class=\"elementor-icon-list-icon\">\n\t\t\t\t\t\t\t<i aria-hidden=\"true\" class=\"fas fa-check-square\"><\/i>\t\t\t\t\t\t<\/span>\n\t\t\t\t\t\t\t\t\t\t<span class=\"elementor-icon-list-text\">Option LED RVB sur demande<\/span>\n\t\t\t\t\t\t\t\t\t<\/li>\n\t\t\t\t\t\t\t\t<li class=\"elementor-icon-list-item\">\n\t\t\t\t\t\t\t\t\t\t\t<span class=\"elementor-icon-list-icon\">\n\t\t\t\t\t\t\t<i aria-hidden=\"true\" class=\"fas fa-check-square\"><\/i>\t\t\t\t\t\t<\/span>\n\t\t\t\t\t\t\t\t\t\t<span class=\"elementor-icon-list-text\">Option capteur de pluie et de vent.<\/span>\n\t\t\t\t\t\t\t\t\t<\/li>\n\t\t\t\t\t\t\t\t<li class=\"elementor-icon-list-item\">\n\t\t\t\t\t\t\t\t\t\t\t<span class=\"elementor-icon-list-icon\">\n\t\t\t\t\t\t\t<i aria-hidden=\"true\" class=\"fas fa-check-square\"><\/i>\t\t\t\t\t\t<\/span>\n\t\t\t\t\t\t\t\t\t\t<span class=\"elementor-icon-list-text\">Profil\u00e9s verticaux porteurs \u00e9pais.<\/span>\n\t\t\t\t\t\t\t\t\t<\/li>\n\t\t\t\t\t\t\t\t<li class=\"elementor-icon-list-item\">\n\t\t\t\t\t\t\t\t\t\t\t<span class=\"elementor-icon-list-icon\">\n\t\t\t\t\t\t\t<i aria-hidden=\"true\" class=\"fas fa-check-square\"><\/i>\t\t\t\t\t\t<\/span>\n\t\t\t\t\t\t\t\t\t\t<span class=\"elementor-icon-list-text\">Syst\u00e8me de drainage de l&#039;eau cach\u00e9.<\/span>\n\t\t\t\t\t\t\t\t\t<\/li>\n\t\t\t\t\t\t<\/ul>\n\t\t\t\t\t\t<\/div>\n\t\t\t\t<\/div>\n\t\t\t\t\t<\/div>\n\t\t<\/div>\n\t\t\t\t\t<\/div>\n\t\t<\/section>\n\t\t\t\t<section class=\"elementor-section elementor-top-section elementor-element elementor-element-122dd18 elementor-section-boxed elementor-section-height-default elementor-section-height-default\" data-id=\"122dd18\" data-element_type=\"section\">\n\t\t\t\t\t\t<div class=\"elementor-container elementor-column-gap-default\">\n\t\t\t\t\t<div class=\"elementor-column elementor-col-50 elementor-top-column elementor-element elementor-element-9dc3251\" data-id=\"9dc3251\" data-element_type=\"column\">\n\t\t\t<div class=\"elementor-widget-wrap elementor-element-populated\">\n\t\t\t\t\t\t<div class=\"elementor-element elementor-element-ef2d560 elementor-widget elementor-widget-text-editor\" data-id=\"ef2d560\" data-element_type=\"widget\" data-widget_type=\"text-editor.default\">\n\t\t\t\t<div class=\"elementor-widget-container\">\n\t\t\t\t\t\t\t\t\t<h2>Caract\u00e9ristiques de la pergola bioclimatique Artminium<\/h2><p>La pergola bioclimatique ArtminiuM est une solution adapt\u00e9e \u00e0 toutes les saisons, offrant un maximum de confort et d&#039;esth\u00e9tique en ext\u00e9rieur. Les principales caract\u00e9ristiques des syst\u00e8mes de pergola bioclimatiques, qui se distinguent par leur structure durable, leur fonction de climatisation, leur isolation thermique et leur structure \u00e9tanche, sont \u00e9num\u00e9r\u00e9es ci-dessous :<\/p><h2>Mat\u00e9riau r\u00e9sistant<\/h2><p>La pergola bioclimatique ArtminiuM est fabriqu\u00e9e \u00e0 partir de mat\u00e9riaux durables comme l&#039;aluminium. Ces syst\u00e8mes offrent une conception de haute qualit\u00e9 pour une utilisation durable. <a href=\"https:\/\/www.artminium.com\/fr\/tr_tr\/modeles-et-prix-de-balcons-coulissants-en-aluminium-et-verre\/\" target=\"_blank\" rel=\"noopener\">durabilit\u00e9 du mat\u00e9riau en aluminium<\/a> Il donne un aspect esth\u00e9tique aux espaces ext\u00e9rieurs.<\/p><h2>Facile \u00e0 utiliser<\/h2><p>Les syst\u00e8mes de pergola bioclimatiques sont con\u00e7us pour se d\u00e9placer rapidement lors de l\u2019ouverture et de la fermeture. <a href=\"https:\/\/www.artminium.com\/fr\/tr_tr\/modeles-et-prix-de-portes-dentree-automatiques\/\" target=\"_blank\" rel=\"noopener\">T\u00e9l\u00e9commande<\/a> ou peut \u00eatre contr\u00f4l\u00e9 \u00e0 l&#039;aide d&#039;un moteur, il est donc tr\u00e8s simple \u00e0 utiliser.<\/p><h2>Conception personnalisable<\/h2><p>La pergola bioclimatique ArtminiuM peut \u00eatre produite en diff\u00e9rentes tailles et caract\u00e9ristiques pour s&#039;adapter aux dimensions de n&#039;importe quel espace ouvert. En option, certains panneaux peuvent \u00eatre appliqu\u00e9s de mani\u00e8re transparente, offrant ainsi des solutions sp\u00e9cifiques au site.<\/p>\t\t\t\t\t\t\t\t<\/div>\n\t\t\t\t<\/div>\n\t\t\t\t\t<\/div>\n\t\t<\/div>\n\t\t\t\t<div class=\"elementor-column elementor-col-50 elementor-top-column elementor-element elementor-element-178db36\" data-id=\"178db36\" data-element_type=\"column\">\n\t\t\t<div class=\"elementor-widget-wrap elementor-element-populated\">\n\t\t\t\t\t\t<div class=\"elementor-element elementor-element-c07a687 elementor-widget elementor-widget-text-editor\" data-id=\"c07a687\" data-element_type=\"widget\" data-widget_type=\"text-editor.default\">\n\t\t\t\t<div class=\"elementor-widget-container\">\n\t\t\t\t\t\t\t\t\t<h2 style=\"font-style: normal; color: #000f6f;\">Isolation thermique<\/h2><p style=\"font-size: 17px; font-style: normal; font-weight: 400;\">Dans le syst\u00e8me pergola Bioclimatique, selon l&#039;\u00e9paisseur du panneau\u00a0<a style=\"transition-property: all;\" href=\"https:\/\/www.artminium.com\/fr\/tr_tr\/systemes-coulissants-a-isolation-thermique-et-prix\/\" target=\"_blank\" rel=\"noopener\">isolation thermique<\/a>\u00a0peuvent \u00eatre fournis. Les panneaux sont plus \u00e9pais et du polyur\u00e9thane est rempli \u00e0 l&#039;int\u00e9rieur des panneaux, augmentant ainsi l&#039;isolation thermique et offrant plus de confort \u00e0 l&#039;ext\u00e9rieur.<\/p><h2 style=\"font-style: normal; color: #000f6f;\">R\u00e9sistant \u00e0 l&#039;eau, \u00e0 la poussi\u00e8re et au vent<\/h2><p style=\"font-size: 17px; font-style: normal; font-weight: 400;\">Ce syst\u00e8me de pergola se d\u00e9marque par sa structure r\u00e9sistante \u00e0 l&#039;eau, \u00e0 la poussi\u00e8re et au vent. La structure sp\u00e9ciale des panneaux \u00e9vacue l&#039;eau de pluie \u00e0 travers des canaux et emp\u00eache l&#039;eau de tomber \u00e0 l&#039;int\u00e9rieur lors de l&#039;ouverture, ce qui facilite l&#039;utilisation par temps pluvieux et venteux. En particulier\u00a0<a style=\"transition-property: all;\" href=\"https:\/\/www.artminium.com\/fr\/tr_tr\/nos-modeles-de-fermeture-de-veranda\/\" target=\"_blank\" rel=\"noopener\">patio<\/a>\u00a0Et\u00a0<a style=\"transition-property: all;\" href=\"https:\/\/www.artminium.com\/fr\/tr_tr\/fermeture-de-terrasse-modeles-2\/\" target=\"_blank\" rel=\"noopener\">terrasse<\/a>\u00a0Cette fonctionnalit\u00e9 offre un grand avantage dans les zones ouvertes telles que<\/p><p style=\"font-size: 17px; font-style: normal; font-weight: 400;\">Pour obtenir plus d\u2019informations sur les syst\u00e8mes de pergola bioclimatiques\u00a0<a style=\"transition-property: all;\" href=\"https:\/\/www.artminium.com\/fr\/tr_tr\/nos-systemes-2\/\" target=\"_blank\" rel=\"noopener\">Nos syst\u00e8mes ArtminiuM<\/a>\u00a0Vous pouvez visiter la page<\/p>\t\t\t\t\t\t\t\t<\/div>\n\t\t\t\t<\/div>\n\t\t\t\t<div class=\"elementor-element elementor-element-9625de0 elementor-icon-list--layout-traditional elementor-list-item-link-full_width elementor-widget elementor-widget-icon-list\" data-id=\"9625de0\" data-element_type=\"widget\" data-widget_type=\"icon-list.default\">\n\t\t\t\t<div class=\"elementor-widget-container\">\n\t\t\t\t\t\t\t<ul class=\"elementor-icon-list-items\">\n\t\t\t\t\t\t\t<li class=\"elementor-icon-list-item\">\n\t\t\t\t\t\t\t\t\t\t\t<span class=\"elementor-icon-list-icon\">\n\t\t\t\t\t\t\t<i aria-hidden=\"true\" class=\"fas fa-check-square\"><\/i>\t\t\t\t\t\t<\/span>\n\t\t\t\t\t\t\t\t\t\t<span class=\"elementor-icon-list-text\">\u00c9paisseur de paroi en aluminium entre 2 et 3 mm.<\/span>\n\t\t\t\t\t\t\t\t\t<\/li>\n\t\t\t\t\t\t\t\t<li class=\"elementor-icon-list-item\">\n\t\t\t\t\t\t\t\t\t\t\t<span class=\"elementor-icon-list-icon\">\n\t\t\t\t\t\t\t<i aria-hidden=\"true\" class=\"fas fa-check-square\"><\/i>\t\t\t\t\t\t<\/span>\n\t\t\t\t\t\t\t\t\t\t<span class=\"elementor-icon-list-text\">Garantie d&#039;\u00e9tanch\u00e9it\u00e9 avec serrage du joint EPDM.<\/span>\n\t\t\t\t\t\t\t\t\t<\/li>\n\t\t\t\t\t\t\t\t<li class=\"elementor-icon-list-item\">\n\t\t\t\t\t\t\t\t\t\t\t<span class=\"elementor-icon-list-icon\">\n\t\t\t\t\t\t\t<i aria-hidden=\"true\" class=\"fas fa-check-square\"><\/i>\t\t\t\t\t\t<\/span>\n\t\t\t\t\t\t\t\t\t\t<span class=\"elementor-icon-list-text\">Rev\u00eatement inoxydable sur les raccords et accessoires en acier.<\/span>\n\t\t\t\t\t\t\t\t\t<\/li>\n\t\t\t\t\t\t\t\t<li class=\"elementor-icon-list-item\">\n\t\t\t\t\t\t\t\t\t\t\t<span class=\"elementor-icon-list-icon\">\n\t\t\t\t\t\t\t<i aria-hidden=\"true\" class=\"fas fa-check-square\"><\/i>\t\t\t\t\t\t<\/span>\n\t\t\t\t\t\t\t\t\t\t<span class=\"elementor-icon-list-text\">Traitement thermique T6 r\u00e9sistant \u00e0 la Corrosion, alliage d&#039;aluminium 6063<\/span>\n\t\t\t\t\t\t\t\t\t<\/li>\n\t\t\t\t\t\t\t\t<li class=\"elementor-icon-list-item\">\n\t\t\t\t\t\t\t\t\t\t\t<span class=\"elementor-icon-list-icon\">\n\t\t\t\t\t\t\t<i aria-hidden=\"true\" class=\"fas fa-check-square\"><\/i>\t\t\t\t\t\t<\/span>\n\t\t\t\t\t\t\t\t\t\t<span class=\"elementor-icon-list-text\">Isolation thermique \u2013 Option sans isolation thermique<\/span>\n\t\t\t\t\t\t\t\t\t<\/li>\n\t\t\t\t\t\t\t\t<li class=\"elementor-icon-list-item\">\n\t\t\t\t\t\t\t\t\t\t\t<span class=\"elementor-icon-list-icon\">\n\t\t\t\t\t\t\t<i aria-hidden=\"true\" class=\"fas fa-check-square\"><\/i>\t\t\t\t\t\t<\/span>\n\t\t\t\t\t\t\t\t\t\t<span class=\"elementor-icon-list-text\">Option LED RVB sur demande<\/span>\n\t\t\t\t\t\t\t\t\t<\/li>\n\t\t\t\t\t\t\t\t<li class=\"elementor-icon-list-item\">\n\t\t\t\t\t\t\t\t\t\t\t<span class=\"elementor-icon-list-icon\">\n\t\t\t\t\t\t\t<i aria-hidden=\"true\" class=\"fas fa-check-square\"><\/i>\t\t\t\t\t\t<\/span>\n\t\t\t\t\t\t\t\t\t\t<span class=\"elementor-icon-list-text\">Option capteur de pluie et de vent.<\/span>\n\t\t\t\t\t\t\t\t\t<\/li>\n\t\t\t\t\t\t\t\t<li class=\"elementor-icon-list-item\">\n\t\t\t\t\t\t\t\t\t\t\t<span class=\"elementor-icon-list-icon\">\n\t\t\t\t\t\t\t<i aria-hidden=\"true\" class=\"fas fa-check-square\"><\/i>\t\t\t\t\t\t<\/span>\n\t\t\t\t\t\t\t\t\t\t<span class=\"elementor-icon-list-text\">Profil\u00e9s verticaux porteurs \u00e9pais.<\/span>\n\t\t\t\t\t\t\t\t\t<\/li>\n\t\t\t\t\t\t\t\t<li class=\"elementor-icon-list-item\">\n\t\t\t\t\t\t\t\t\t\t\t<span class=\"elementor-icon-list-icon\">\n\t\t\t\t\t\t\t<i aria-hidden=\"true\" class=\"fas fa-check-square\"><\/i>\t\t\t\t\t\t<\/span>\n\t\t\t\t\t\t\t\t\t\t<span class=\"elementor-icon-list-text\">Syst\u00e8me de drainage de l&#039;eau cach\u00e9.<\/span>\n\t\t\t\t\t\t\t\t\t<\/li>\n\t\t\t\t\t\t<\/ul>\n\t\t\t\t\t\t<\/div>\n\t\t\t\t<\/div>\n\t\t\t\t\t<\/div>\n\t\t<\/div>\n\t\t\t\t\t<\/div>\n\t\t<\/section>\n\t\t\t\t<section class=\"elementor-section elementor-top-section elementor-element elementor-element-c243dca elementor-section-boxed elementor-section-height-default elementor-section-height-default\" data-id=\"c243dca\" data-element_type=\"section\" data-settings=\"{&quot;background_background&quot;:&quot;classic&quot;}\">\n\t\t\t\t\t\t\t<div class=\"elementor-background-overlay\"><\/div>\n\t\t\t\t\t\t\t<div class=\"elementor-container elementor-column-gap-no\">\n\t\t\t\t\t<div class=\"elementor-column elementor-col-100 elementor-top-column elementor-element elementor-element-3ad5c1f\" data-id=\"3ad5c1f\" data-element_type=\"column\">\n\t\t\t<div class=\"elementor-widget-wrap elementor-element-populated\">\n\t\t\t\t\t\t<div class=\"elementor-element elementor-element-f770d01 elementor-widget elementor-widget-image\" data-id=\"f770d01\" data-element_type=\"widget\" data-widget_type=\"image.default\">\n\t\t\t\t<div class=\"elementor-widget-container\">\n\t\t\t\t\t\t\t\t\t\t\t\t\t\t\t<img fetchpriority=\"high\" decoding=\"async\" width=\"300\" height=\"300\" src=\"https:\/\/www.artminium.com\/wp-content\/uploads\/2023\/08\/cropped-site-icon-1-300x300.png\" class=\"attachment-medium size-medium wp-image-1266\" alt=\"\" srcset=\"https:\/\/www.artminium.com\/wp-content\/uploads\/2023\/08\/cropped-site-icon-1-300x300.png 300w, https:\/\/www.artminium.com\/wp-content\/uploads\/2023\/08\/cropped-site-icon-1-150x150.png 150w, https:\/\/www.artminium.com\/wp-content\/uploads\/2023\/08\/cropped-site-icon-1-270x270.png 270w, https:\/\/www.artminium.com\/wp-content\/uploads\/2023\/08\/cropped-site-icon-1-192x192.png 192w, https:\/\/www.artminium.com\/wp-content\/uploads\/2023\/08\/cropped-site-icon-1-180x180.png 180w, https:\/\/www.artminium.com\/wp-content\/uploads\/2023\/08\/cropped-site-icon-1-32x32.png 32w, https:\/\/www.artminium.com\/wp-content\/uploads\/2023\/08\/cropped-site-icon-1.png 512w\" sizes=\"(max-width: 300px) 100vw, 300px\" \/>\t\t\t\t\t\t\t\t\t\t\t\t\t\t\t<\/div>\n\t\t\t\t<\/div>\n\t\t\t\t<div class=\"elementor-element elementor-element-716df77 elementor-widget elementor-widget-heading\" data-id=\"716df77\" data-element_type=\"widget\" data-widget_type=\"heading.default\">\n\t\t\t\t<div class=\"elementor-widget-container\">\n\t\t\t\t\t<h4 class=\"elementor-heading-title elementor-size-default\">Syst\u00e8mes architecturaux Artminium<\/h4>\t\t\t\t<\/div>\n\t\t\t\t<\/div>\n\t\t\t\t<div class=\"elementor-element elementor-element-e0e9b6c elementor-invisible elementor-widget elementor-widget-heading\" data-id=\"e0e9b6c\" data-element_type=\"widget\" data-settings=\"{&quot;_animation&quot;:&quot;shake&quot;}\" data-widget_type=\"heading.default\">\n\t\t\t\t<div class=\"elementor-widget-container\">\n\t\t\t\t\t<h3 class=\"elementor-heading-title elementor-size-default\">&quot;Nous avons ajout\u00e9 du mouvement \u00e0 l&#039;architecture !&quot;<\/h3>\t\t\t\t<\/div>\n\t\t\t\t<\/div>\n\t\t\t\t\t<\/div>\n\t\t<\/div>\n\t\t\t\t\t<\/div>\n\t\t<\/section>\n\t\t\t\t<section class=\"elementor-section elementor-top-section elementor-element elementor-element-d8d2e93 elementor-section-boxed elementor-section-height-default elementor-section-height-default\" data-id=\"d8d2e93\" data-element_type=\"section\">\n\t\t\t\t\t\t<div class=\"elementor-container elementor-column-gap-default\">\n\t\t\t\t\t<div class=\"elementor-column elementor-col-33 elementor-top-column elementor-element elementor-element-b6a8b8f\" data-id=\"b6a8b8f\" data-element_type=\"column\">\n\t\t\t<div class=\"elementor-widget-wrap elementor-element-populated\">\n\t\t\t\t\t\t<div class=\"elementor-element elementor-element-6c46680 elementor-widget elementor-widget-toggle\" data-id=\"6c46680\" data-element_type=\"widget\" data-widget_type=\"toggle.default\">\n\t\t\t\t<div class=\"elementor-widget-container\">\n\t\t\t\t\t\t\t<div class=\"elementor-toggle\">\n\t\t\t\t\t\t\t<div class=\"elementor-toggle-item\">\n\t\t\t\t\t<div id=\"elementor-tab-title-1131\" class=\"elementor-tab-title\" data-tab=\"1\" role=\"button\" aria-controls=\"elementor-tab-content-1131\" aria-expanded=\"false\">\n\t\t\t\t\t\t\t\t\t\t\t\t<span class=\"elementor-toggle-icon elementor-toggle-icon-left\" aria-hidden=\"true\">\n\t\t\t\t\t\t\t\t\t\t\t\t\t\t\t<span class=\"elementor-toggle-icon-closed\"><i class=\"fas fa-caret-square-down\"><\/i><\/span>\n\t\t\t\t\t\t\t\t<span class=\"elementor-toggle-icon-opened\"><i class=\"elementor-toggle-icon-opened fas fa-caret-square-up\"><\/i><\/span>\n\t\t\t\t\t\t\t\t\t\t\t\t\t<\/span>\n\t\t\t\t\t\t\t\t\t\t\t\t<a class=\"elementor-toggle-title\" tabindex=\"0\">Zones d&#039;utilisation des pergolas bioclimatiques<\/a>\n\t\t\t\t\t<\/div>\n\n\t\t\t\t\t<div id=\"elementor-tab-content-1131\" class=\"elementor-tab-content elementor-clearfix\" data-tab=\"1\" role=\"region\" aria-labelledby=\"elementor-tab-title-1131\"><h3><span style=\"color: var(--ast-global-color-2); font-family: Rubik, sans-serif; font-size: 25px; font-style: inherit; font-weight: bold; background-color: var(--ast-global-color-4);\">Caf\u00e9<\/span><\/h3><div class=\"usage-areas\"><p>Syst\u00e8mes de pergola bioclimatiques, <a href=\"https:\/\/www.artminium.com\/fr\/tr_tr\/cafe-kapatma-sistemleri\/\" target=\"_blank\" rel=\"noopener\">dans les caf\u00e9s<\/a> Cela rend l\u2019espace ext\u00e9rieur utilisable en quatre saisons. Il cr\u00e9e un espace confortable pour les clients en offrant un environnement confortable m\u00eame par temps pluvieux et venteux.<\/p><h3>Restaurant<\/h3><p>Le syst\u00e8me de pergola bioclimatique des terrasses des restaurants offre une protection contre les intemp\u00e9ries comme le soleil, la pluie et le vent. Il est id\u00e9al pour les entreprises qui souhaitent offrir \u00e0 leurs clients un espace ext\u00e9rieur confortable en toutes saisons.<\/p><h3>H\u00f4tel<\/h3><p>Solution esth\u00e9tique dans les jardins et terrasses des h\u00f4tels, la pergola bioclimatique cr\u00e9e des espaces confortables pour les clients et utilisables en toutes saisons. <a href=\"https:\/\/www.artminium.com\/fr\/tr_tr\/otel-teras-veranda-bahce-kapama\/\" target=\"_blank\" rel=\"noopener\">jardin de l&#039;h\u00f4tel<\/a> Il est pr\u00e9f\u00e9r\u00e9 dans les zones de terrasse.<\/p><h3>Entreprises commerciales<\/h3><p>La pergola bioclimatique est privil\u00e9gi\u00e9e pour une utilisation ext\u00e9rieure dans les entreprises commerciales. Il allie esth\u00e9tique et fonctionnalit\u00e9 dans les lieux de travail, les magasins et les showrooms.<\/p><h3>jardins<\/h3><p>La pergola bioclimatique cr\u00e9e des si\u00e8ges confortables dans les jardins en toutes saisons. <a href=\"https:\/\/www.artminium.com\/fr\/tr_tr\/nos-modeles-de-fermeture-de-veranda\/\" target=\"_blank\" rel=\"noopener\">jardins<\/a> C&#039;est une solution id\u00e9ale d&#039;ombrage et de climatisation pour<\/p><h3>\u00c9quipements sociaux<\/h3><p>Les syst\u00e8mes de pergola bioclimatiques sont utilis\u00e9s pour offrir un environnement confortable dans les espaces ouverts des \u00e9quipements sociaux. Il ajoute de la valeur aux espaces sociaux gr\u00e2ce \u00e0 son aspect esth\u00e9tique.<\/p><h3>maisons d&#039;\u00e9t\u00e9<\/h3><p>La pergola bioclimatique, utilis\u00e9e sur les terrasses et jardins des r\u00e9sidences d&#039;\u00e9t\u00e9, permet d&#039;utiliser les r\u00e9sidences d&#039;\u00e9t\u00e9 en toutes saisons.<\/p><h3>v\u00eatements d&#039;hiver<\/h3><p>Pergola bioclimatique, <a href=\"https:\/\/www.artminium.com\/fr\/tr_tr\/combien-coute-un-jardin-dhiver\/\" target=\"_blank\" rel=\"noopener\">zones d&#039;hiver<\/a> Offre une excellente protection \u00e0 votre Il offre du confort avec sa structure r\u00e9sistante \u00e0 la pluie et au froid.<\/p><h3>Structure de jardin ind\u00e9pendante<\/h3><p>La pergola bioclimatique est la solution id\u00e9ale pour les structures de jardin ind\u00e9pendantes. Il apporte une touche moderne et un environnement abrit\u00e9 \u00e0 la r\u00e9gion.<\/p><h3>Jardin d&#039;hiver<\/h3><p>La pergola bioclimatique cr\u00e9e un environnement id\u00e9al dans les jardins d&#039;hiver en assurant le contr\u00f4le de la lumi\u00e8re naturelle et la climatisation. pour les jardins <a href=\"https:\/\/www.artminium.com\/fr\/tr_tr\/prix-du-jardin-dhiver-2\/\" target=\"_blank\" rel=\"noopener\">solutions de jardin d&#039;hiver<\/a> pr\u00e9sente.<\/p><h3>R\u00e9sidence Rez-de-Jardin<\/h3><p>Apportant du confort dans les espaces ouverts des r\u00e9sidences en rez-de-jardin, la pergola bioclimatique cr\u00e9e un espace de vie esth\u00e9tique que les r\u00e9sidents peuvent utiliser en toutes saisons.<\/p><h3>Piscine<\/h3><p>Le syst\u00e8me de pergola bioclimatique autour de la piscine apporte un confort en plein air en apportant ombrage et protection. <a href=\"https:\/\/www.artminium.com\/fr\/tr_tr\/havuz-kapatma-cozumleri\/\" target=\"_blank\" rel=\"noopener\">zones de piscine<\/a> Fournit des solutions id\u00e9ales pour<\/p><h3>Terrasse<\/h3><p>Apportant un aspect esth\u00e9tique aux terrasses, la pergola bioclimatique prot\u00e8ge du vent et de la pluie, rendant les terrasses utilisables en toutes saisons.<\/p><h3>Patio<\/h3><p>La pergola bioclimatique pour v\u00e9randa offre une protection quatre saisons et <a href=\"https:\/\/www.artminium.com\/fr\/tr_tr\/nos-modeles-de-fermeture-de-veranda\/\" target=\"_blank\" rel=\"noopener\">sur les v\u00e9randas<\/a> Cela cr\u00e9e un coin salon confortable.<\/p><p><span style=\"background-color: var(--ast-global-color-4); color: var(--ast-global-color-2); font-family: Rubik, sans-serif; font-size: 20px; font-style: inherit; font-weight: bold;\">Porche<\/span><\/p><p>Le syst\u00e8me de pergola bioclimatique pour porches offre une zone de transition confortable dans les espaces ouverts gr\u00e2ce \u00e0 sa structure r\u00e9sistante aux conditions climatiques.<\/p><\/div><p>\u00a0<\/p><\/div>\n\t\t\t\t<\/div>\n\t\t\t\t\t\t\t\t<\/div>\n\t\t\t\t\t\t<\/div>\n\t\t\t\t<\/div>\n\t\t\t\t\t<\/div>\n\t\t<\/div>\n\t\t\t\t<div class=\"elementor-column elementor-col-33 elementor-top-column elementor-element elementor-element-28ffe5e\" data-id=\"28ffe5e\" data-element_type=\"column\">\n\t\t\t<div class=\"elementor-widget-wrap elementor-element-populated\">\n\t\t\t\t\t\t<div class=\"elementor-element elementor-element-ea64253 elementor-widget elementor-widget-toggle\" data-id=\"ea64253\" data-element_type=\"widget\" data-widget_type=\"toggle.default\">\n\t\t\t\t<div class=\"elementor-widget-container\">\n\t\t\t\t\t\t\t<div class=\"elementor-toggle\">\n\t\t\t\t\t\t\t<div class=\"elementor-toggle-item\">\n\t\t\t\t\t<div id=\"elementor-tab-title-2451\" class=\"elementor-tab-title\" data-tab=\"1\" role=\"button\" aria-controls=\"elementor-tab-content-2451\" aria-expanded=\"false\">\n\t\t\t\t\t\t\t\t\t\t\t\t<span class=\"elementor-toggle-icon elementor-toggle-icon-left\" aria-hidden=\"true\">\n\t\t\t\t\t\t\t\t\t\t\t\t\t\t\t<span class=\"elementor-toggle-icon-closed\"><i class=\"fas fa-caret-square-down\"><\/i><\/span>\n\t\t\t\t\t\t\t\t<span class=\"elementor-toggle-icon-opened\"><i class=\"elementor-toggle-icon-opened fas fa-caret-square-up\"><\/i><\/span>\n\t\t\t\t\t\t\t\t\t\t\t\t\t<\/span>\n\t\t\t\t\t\t\t\t\t\t\t\t<a class=\"elementor-toggle-title\" tabindex=\"0\">Avantages de la Pergola Bioclimatique<\/a>\n\t\t\t\t\t<\/div>\n\n\t\t\t\t\t<div id=\"elementor-tab-content-2451\" class=\"elementor-tab-content elementor-clearfix\" data-tab=\"1\" role=\"region\" aria-labelledby=\"elementor-tab-title-2451\"><h3>Isolation thermique<\/h3><p>La pergola bioclimatique ArtminiuM rend les espaces ext\u00e9rieurs adapt\u00e9s \u00e0 une utilisation en toutes saisons, gr\u00e2ce \u00e0 sa fonction d&#039;isolation thermique. Panneaux en aluminium de qualit\u00e9, <a href=\"https:\/\/www.artminium.com\/fr\/tr_tr\/systemes-coulissants-a-isolation-thermique-et-prix\/\" target=\"_blank\" rel=\"noopener\">isolation thermique<\/a> Il permet d&#039;\u00e9conomiser de l&#039;\u00e9nergie.<\/p><h3>Isolation phonique<\/h3><p>Ce syst\u00e8me de pergola cr\u00e9e un environnement plus paisible en minimisant les bruits provenant de l&#039;environnement ext\u00e9rieur. Il offre une exp\u00e9rience ext\u00e9rieure confortable, notamment dans les zones urbaines.<\/p><h3>Protection solaire<\/h3><p>Les panneaux orientables du syst\u00e8me de pergola Bioclimatique offrent une ombre id\u00e9ale en emp\u00eachant la lumi\u00e8re directe du soleil de p\u00e9n\u00e9trer dans l&#039;espace. <a href=\"https:\/\/www.artminium.com\/fr\/tr_tr\/quest-ce-que-la-pergola-bioclimatique\/\" target=\"_blank\" rel=\"noopener\">protection solaire<\/a> Il augmente le confort gr\u00e2ce \u00e0 sa fonction.<\/p><h3>Protection contre le vent<\/h3><p>La pergola bioclimatique augmente le confort des utilisateurs dans les espaces ouverts en offrant une protection contre le vent. Lorsque les panneaux sont ferm\u00e9s, ils minimisent l&#039;effet du vent, offrant ainsi un confort en toutes saisons.<\/p><h3>Vue ininterrompue<\/h3><p>La combinaison des syst\u00e8mes de pergola Bioclimatique avec des panneaux transparents offre une vue ininterrompue dans les espaces ouverts. <a href=\"https:\/\/www.artminium.com\/fr\/tr_tr\/nos-modeles-de-fermeture-de-veranda\/\" target=\"_blank\" rel=\"noopener\">Patio<\/a> et permet de mieux voir la vue sur les terrasses.<\/p><h3>Op\u00e9ration automatique<\/h3><p>La pergola bioclimatique ArtminiuM peut \u00eatre facilement contr\u00f4l\u00e9e avec une t\u00e9l\u00e9commande. <a href=\"https:\/\/www.artminium.com\/fr\/tr_tr\/modeles-et-prix-de-portes-dentree-automatiques\/\" target=\"_blank\" rel=\"noopener\">contr\u00f4le automatique<\/a> Les panneaux d&#039;ouverture et de fermeture offrent une grande commodit\u00e9 \u00e0 l&#039;utilisateur.<\/p><h3>Ventilation<\/h3><p>Les panneaux r\u00e9glables assurent une ventilation naturelle et cr\u00e9ent un environnement frais en laissant entrer l&#039;air ext\u00e9rieur. Il offre la meilleure exp\u00e9rience de plein air, surtout pendant les mois d\u2019\u00e9t\u00e9.<\/p><h3>Libert\u00e9 et confort<\/h3><p>La pergola bioclimatique offre une libert\u00e9 aux utilisateurs en garantissant une utilisation confortable des espaces ext\u00e9rieurs en toutes saisons. Gr\u00e2ce \u00e0 sa structure esth\u00e9tique et sa fonctionnalit\u00e9 <a href=\"https:\/\/www.artminium.com\/fr\/tr_tr\/prix-du-jardin-dhiver-2\/\" target=\"_blank\" rel=\"noopener\">Jardin d&#039;hiver<\/a>Il am\u00e9liore la qualit\u00e9 de vie dans des zones telles que les v\u00e9randas et les terrasses.<\/p><h3><strong style=\"font-style: inherit; color: var(--ast-global-color-0); background-color: var(--ast-global-color-4);\">\u00c9conomie d&#039;\u00e9nergie<\/strong><\/h3><p><span style=\"font-style: inherit; font-weight: inherit; background-color: var(--ast-global-color-4); color: var(--ast-global-color-0);\">La pergola bioclimatique r\u00e9duit la consommation \u00e9nerg\u00e9tique en optimisant la lumi\u00e8re naturelle et la ventilation. Cette fonctionnalit\u00e9 contribue particuli\u00e8rement \u00e0 r\u00e9duire les co\u00fbts de chauffage et de climatisation et constitue une solution respectueuse de l\u2019environnement.<\/span><\/p><h3><strong style=\"font-style: inherit; background-color: var(--ast-global-color-4); color: var(--ast-global-color-0);\">Nettoyage et entretien faciles<\/strong><\/h3><p><span style=\"font-style: inherit; font-weight: inherit; background-color: var(--ast-global-color-4); color: var(--ast-global-color-0);\">Gr\u00e2ce \u00e0 l\u2019aluminium et aux mat\u00e9riaux de rev\u00eatement durables, l\u2019entretien de la pergola est tr\u00e8s simple. \u00c9tant donn\u00e9 que les panneaux r\u00e9sistent \u00e0 la poussi\u00e8re, \u00e0 la pluie et \u00e0 d\u2019autres facteurs externes, ils garantissent une utilisation durable avec un nettoyage r\u00e9gulier.<\/span><\/p><h3><strong style=\"font-style: inherit; background-color: var(--ast-global-color-4); color: var(--ast-global-color-0);\">Structure modulaire<\/strong><\/h3><p><span style=\"font-style: inherit; font-weight: inherit; background-color: var(--ast-global-color-4); color: var(--ast-global-color-0);\">La pergola bioclimatique ArtminiuM s&#039;adapte facilement \u00e0 diff\u00e9rents espaces gr\u00e2ce \u00e0 sa structure modulaire. Il peut \u00eatre utilis\u00e9 dans de nombreux endroits diff\u00e9rents, des petits balcons aux grandes terrasses.<\/span><\/p><h3><strong style=\"font-style: inherit; background-color: var(--ast-global-color-4); color: var(--ast-global-color-0);\">Conception \u00e9cologique<\/strong><\/h3><p><span style=\"font-style: inherit; font-weight: inherit; background-color: var(--ast-global-color-4); color: var(--ast-global-color-0);\">Gr\u00e2ce \u00e0 sa conception innovante, il utilise efficacement les ressources naturelles. Il cr\u00e9e un environnement ext\u00e9rieur respectueux de l\u2019environnement en dirigeant la lumi\u00e8re du soleil et en a\u00e9rant naturellement.<\/span><\/p><h3><strong style=\"font-style: inherit; background-color: var(--ast-global-color-4); color: var(--ast-global-color-0);\">Diverses options de couleurs et de mod\u00e8les<\/strong><\/h3><p><span style=\"font-style: inherit; font-weight: inherit; background-color: var(--ast-global-color-4); color: var(--ast-global-color-0);\">Il est propos\u00e9 dans de nombreuses options de couleurs gr\u00e2ce \u00e0 son rev\u00eatement de peinture en poudre \u00e9lectrostatique. Cette diversit\u00e9 garantit que la pergola offre une harmonie esth\u00e9tique avec l&#039;espace et que les utilisateurs peuvent choisir en fonction de leurs go\u00fbts personnels.<\/span><\/p><h3><strong style=\"font-style: inherit; background-color: var(--ast-global-color-4); color: var(--ast-global-color-0);\">Construction durable et fiable<\/strong><\/h3><p><span style=\"font-style: inherit; font-weight: inherit; background-color: var(--ast-global-color-4); color: var(--ast-global-color-0);\">Gr\u00e2ce \u00e0 l&#039;utilisation de mat\u00e9riaux de qualit\u00e9 et de fixations en acier inoxydable, la pergola bioclimatique ArtminiuM offre une structure durable et fiable. Il donne confiance aux utilisateurs en maintenant sa durabilit\u00e9 en toutes saisons.<\/span><\/p><\/div>\n\t\t\t\t<\/div>\n\t\t\t\t\t\t\t\t<\/div>\n\t\t\t\t\t\t<\/div>\n\t\t\t\t<\/div>\n\t\t\t\t\t<\/div>\n\t\t<\/div>\n\t\t\t\t<div class=\"elementor-column elementor-col-33 elementor-top-column elementor-element elementor-element-f0b0970\" data-id=\"f0b0970\" data-element_type=\"column\">\n\t\t\t<div class=\"elementor-widget-wrap elementor-element-populated\">\n\t\t\t\t\t\t<div class=\"elementor-element elementor-element-ccd703a elementor-widget elementor-widget-toggle\" data-id=\"ccd703a\" data-element_type=\"widget\" data-widget_type=\"toggle.default\">\n\t\t\t\t<div class=\"elementor-widget-container\">\n\t\t\t\t\t\t\t<div class=\"elementor-toggle\">\n\t\t\t\t\t\t\t<div class=\"elementor-toggle-item\">\n\t\t\t\t\t<div id=\"elementor-tab-title-2141\" class=\"elementor-tab-title\" data-tab=\"1\" role=\"button\" aria-controls=\"elementor-tab-content-2141\" aria-expanded=\"false\">\n\t\t\t\t\t\t\t\t\t\t\t\t<span class=\"elementor-toggle-icon elementor-toggle-icon-left\" aria-hidden=\"true\">\n\t\t\t\t\t\t\t\t\t\t\t\t\t\t\t<span class=\"elementor-toggle-icon-closed\"><i class=\"fas fa-caret-square-down\"><\/i><\/span>\n\t\t\t\t\t\t\t\t<span class=\"elementor-toggle-icon-opened\"><i class=\"elementor-toggle-icon-opened fas fa-caret-square-up\"><\/i><\/span>\n\t\t\t\t\t\t\t\t\t\t\t\t\t<\/span>\n\t\t\t\t\t\t\t\t\t\t\t\t<a class=\"elementor-toggle-title\" tabindex=\"0\">Sp\u00e9cifications techniques de la pergola bioclimatique<\/a>\n\t\t\t\t\t<\/div>\n\n\t\t\t\t\t<div id=\"elementor-tab-content-2141\" class=\"elementor-tab-content elementor-clearfix\" data-tab=\"1\" role=\"region\" aria-labelledby=\"elementor-tab-title-2141\"><p><span style=\"color: var(--ast-global-color-2); font-family: Rubik, sans-serif; font-size: 20px; font-style: inherit; font-weight: 700; background-color: var(--ast-global-color-4);\">Structure de panneau sp\u00e9ciale<\/span><\/p><div class=\"technical-features\">\n<p>La pergola bioclimatique ArtminiuM offre esth\u00e9tique et fonctionnalit\u00e9 avec sa structure de panneaux sp\u00e9ciale en aluminium durable. Les panneaux offrent une utilisation durable gr\u00e2ce \u00e0 leur mat\u00e9riau de haute qualit\u00e9.<\/p>\n<h3>Syst\u00e8me de goutti\u00e8re sp\u00e9cial<\/h3>\n<p>Le syst\u00e8me de goutti\u00e8res sp\u00e9cial du syst\u00e8me \u00e9vacue efficacement l&#039;eau de pluie et emp\u00eache la formation de flaques d&#039;eau. Ainsi, il offre un environnement sec et confortable m\u00eame par temps pluvieux.<\/p>\n<h3>Panneaux rotatifs \u00e0 90 degr\u00e9s avec double piston<\/h3>\n<p>La pergola bioclimatique permet une rotation des panneaux \u00e0 90 degr\u00e9s gr\u00e2ce \u00e0 son syst\u00e8me \u00e0 double piston. Cette fonctionnalit\u00e9 permet \u00e0 l&#039;utilisateur de contr\u00f4ler la lumi\u00e8re du jour et la ventilation.<\/p>\n<h3>Toit enti\u00e8rement ouvrable avec moteur tubulaire<\/h3>\n<p>Le syst\u00e8me de moteur tubulaire, combin\u00e9 au c\u00e2ble d&#039;acier, permet de soulever les panneaux \u00e0 l&#039;aide de pistons, de les rassembler au plafond et de les rendre compl\u00e8tement ouverts. De cette fa\u00e7on, une zone de plafond ouverte peut \u00eatre obtenue si n\u00e9cessaire.<\/p>\n<h3>Syst\u00e8me de courroie de distribution allemand<\/h3>\n<p>Une durabilit\u00e9 et une stabilit\u00e9 maximales sont assur\u00e9es gr\u00e2ce \u00e0 l&#039;utilisation du syst\u00e8me de courroie de distribution allemand sp\u00e9cialement produit pour le tendeur. Ce syst\u00e8me garantit un fonctionnement sans probl\u00e8me pendant de nombreuses ann\u00e9es.<\/p>\n<h3>R\u00e9sistant aux vents violents et aux mauvaises conditions m\u00e9t\u00e9orologiques<\/h3>\n<p>Pergola bioclimatique, <a href=\"https:\/\/www.artminium.com\/fr\/tr_tr\/systemes-brise-vent-et-prix\/\" target=\"_blank\">aux vents forts<\/a> et fabriqu\u00e9 pour r\u00e9sister aux conditions m\u00e9t\u00e9orologiques difficiles. Il garantit une utilisation s\u00fbre en minimisant les effets du vent.<\/p>\n<h3>%100 S\u0131zd\u0131rmazl\u0131k Sa\u011flayan Fitil Sistemi<\/h3>\n<p>\u00d6zel fitil sistemi sayesinde %100 s\u0131zd\u0131rmazl\u0131k sa\u011flan\u0131r. Ya\u011fmur, toz ve r\u00fczgar gibi d\u0131\u015f etkenlere kar\u015f\u0131 \u00fcst\u00fcn koruma sunarak i\u00e7 mekan konforunu korur.<\/p>\n<h3>Options de couleur avec rev\u00eatement en poudre \u00e9lectrostatique<\/h3>\n<p>Les panneaux de pergola produits avec de la peinture en poudre \u00e9lectrostatique peuvent \u00eatre propos\u00e9s dans les options de couleurs souhait\u00e9es. <a href=\"https:\/\/www.artminium.com\/fr\/tr_tr\/prix-du-jardin-dhiver-2\/\" target=\"_blank\">Options de couleurs modernes<\/a> Il apporte une touche esth\u00e9tique \u00e0 votre espace ext\u00e9rieur.<\/p>\n<h3>Op\u00e9ration facile avec t\u00e9l\u00e9commande<\/h3>\n<p>La pergola bioclimatique ArtminiuM peut \u00eatre facilement contr\u00f4l\u00e9e avec une t\u00e9l\u00e9commande. Ce syst\u00e8me de contr\u00f4le automatique offre \u00e0 l&#039;utilisateur une exp\u00e9rience d&#039;utilisation pratique et confortable.<\/p>\n<h3>\u00c9l\u00e9ments de construction esth\u00e9tiques, confortables et modernes<\/h3>\n<p>Offrant un aspect esth\u00e9tique avec son design moderne, la pergola bioclimatique offre un espace ext\u00e9rieur confortable. Il offre une solution \u00e9l\u00e9gante en particulier pour des zones telles que les jardins d&#039;hiver, les v\u00e9randas et les terrasses.<\/p>\n<h3>Vis, boulons et broches en acier inoxydable<\/h3>\n<p>Toutes les fixations utilis\u00e9es dans le syst\u00e8me sont en mat\u00e9riau inoxydable. Cette fonctionnalit\u00e9 garantit que le syst\u00e8me reste durable pendant de nombreuses ann\u00e9es.<\/p>\n<h3>Produit et service garantis<\/h3>\n<p>La pergola bioclimatique ArtminiuM offre des produits et un service garantis. Les produits peuvent \u00eatre utilis\u00e9s en toute s\u00e9curit\u00e9 avec un service d\u2019assistance professionnel.<\/p>\n<\/div>\n<p><br><\/p><\/div>\n\t\t\t\t<\/div>\n\t\t\t\t\t\t\t\t<\/div>\n\t\t\t\t\t\t<\/div>\n\t\t\t\t<\/div>\n\t\t\t\t\t<\/div>\n\t\t<\/div>\n\t\t\t\t\t<\/div>\n\t\t<\/section>\n\t\t\t\t<section class=\"elementor-section elementor-top-section elementor-element elementor-element-61d82f6 elementor-section-boxed elementor-section-height-default elementor-section-height-default\" data-id=\"61d82f6\" data-element_type=\"section\">\n\t\t\t\t\t\t<div class=\"elementor-container elementor-column-gap-default\">\n\t\t\t\t\t<div class=\"elementor-column elementor-col-100 elementor-top-column elementor-element elementor-element-c8223ce\" data-id=\"c8223ce\" data-element_type=\"column\">\n\t\t\t<div class=\"elementor-widget-wrap elementor-element-populated\">\n\t\t\t\t\t\t<div class=\"elementor-element elementor-element-0df8a50 elementor-widget elementor-widget-heading\" data-id=\"0df8a50\" data-element_type=\"widget\" data-widget_type=\"heading.default\">\n\t\t\t\t<div class=\"elementor-widget-container\">\n\t\t\t\t\t<h3 class=\"elementor-heading-title elementor-size-default\">Alternatives et sous-syst\u00e8mes de pergolas bioclimatiques automatiques utilis\u00e9s conjointement<\/h3>\t\t\t\t<\/div>\n\t\t\t\t<\/div>\n\t\t\t\t\t<\/div>\n\t\t<\/div>\n\t\t\t\t\t<\/div>\n\t\t<\/section>\n\t\t\t\t<section class=\"elementor-section elementor-top-section elementor-element elementor-element-84cf6f4 elementor-section-boxed elementor-section-height-default elementor-section-height-default\" data-id=\"84cf6f4\" data-element_type=\"section\">\n\t\t\t\t\t\t<div class=\"elementor-container elementor-column-gap-default\">\n\t\t\t\t\t<div class=\"elementor-column elementor-col-50 elementor-top-column elementor-element elementor-element-a907e66\" data-id=\"a907e66\" data-element_type=\"column\" data-settings=\"{&quot;background_background&quot;:&quot;classic&quot;}\">\n\t\t\t<div class=\"elementor-widget-wrap elementor-element-populated\">\n\t\t\t\t\t\t<div class=\"elementor-element elementor-element-69c5415 elementor-widget elementor-widget-text-editor\" data-id=\"69c5415\" data-element_type=\"widget\" data-widget_type=\"text-editor.default\">\n\t\t\t\t<div class=\"elementor-widget-container\">\n\t\t\t\t\t\t\t\t\t<h3><span style=\"background-color: var( --e-global-color-astglobalcolor5 ); color: var(--ast-global-color-2); font-size: 1.76471rem; font-style: inherit;\">Autres syst\u00e8mes de plafond de toit appliqu\u00e9s<\/span><\/h3><p>Les syst\u00e8mes de toiture et de plafond propos\u00e9s par ArtminiuM allient esth\u00e9tique et durabilit\u00e9 dans les espaces ext\u00e9rieurs et offrent des solutions s\u00fbres et durables dans toutes les conditions m\u00e9t\u00e9orologiques. Vous trouverez ci-dessous nos syst\u00e8mes de plafonds qui peuvent \u00eatre personnalis\u00e9s selon vos besoins :<\/p><ul><li><a href=\"https:\/\/www.artminium.com\/fr\/tr_tr\/sabit-cam-tavan-sistem-kis-bahcesi-veranda-teras-kapama\/\" target=\"_blank\" rel=\"noopener\">Syst\u00e8me de plafond en verre fixe<\/a>: Il fournit un maximum de lumi\u00e8re naturelle gr\u00e2ce \u00e0 de grands panneaux de verre et ajoute un look moderne \u00e0 l&#039;espace.<\/li><li><a href=\"https:\/\/www.artminium.com\/fr\/tr_tr\/methodes-de-fermeture-de-balcon-les-moins-cheres\/\" target=\"_blank\" rel=\"noopener\">Syst\u00e8me de plafond fixe en polycarbonate<\/a>: Offre une protection quatre saisons gr\u00e2ce \u00e0 sa structure en polycarbonate l\u00e9g\u00e8re et durable; Il offre une solution \u00e9conomique.<\/li><li><a href=\"https:\/\/www.artminium.com\/fr\/tr_tr\/modeles-et-prix-de-balcons-coulissants-en-aluminium-et-verre\/\" target=\"_blank\" rel=\"noopener\">Syst\u00e8me de plafond \u00e0 panneaux sandwich en aluminium fixe<\/a>: Il \u00e9conomise de l&#039;\u00e9nergie gr\u00e2ce \u00e0 ses propri\u00e9t\u00e9s d&#039;isolation \u00e9lev\u00e9es et est durable gr\u00e2ce \u00e0 sa structure durable.<\/li><li><a style=\"font-style: inherit; font-weight: inherit;\" href=\"https:\/\/www.artminium.com\/fr\/tr_tr\/modeles-et-prix-de-stores-de-pergola-automatiques\/\" target=\"_blank\" rel=\"noopener\">Syst\u00e8me de plafond \u00e0 panneaux sandwich en aluminium<\/a><span style=\"font-style: inherit; font-weight: inherit; background-color: var( --e-global-color-astglobalcolor5 ); color: var(--ast-global-color-0);\">: C&#039;est un syst\u00e8me fixe qui apporte du confort en s&#039;adaptant aux changements saisonniers.<\/span><\/li><li><a href=\"https:\/\/www.artminium.com\/fr\/tr_tr\/idees-de-stores-retractables\/\" target=\"_blank\" rel=\"noopener\">Syst\u00e8me de plafond mobile et r\u00e9tractable en polycarbonate<\/a>: C&#039;est un syst\u00e8me de plafond pratique qui offre de l&#039;\u00e9l\u00e9gance tout en offrant une protection gr\u00e2ce \u00e0 sa structure l\u00e9g\u00e8re en ext\u00e9rieur.<\/li><li><a href=\"https:\/\/www.artminium.com\/fr\/tr_tr\/modeles-et-prix-de-toit-en-verre-automatique\/\" target=\"_blank\" rel=\"noopener\">Syst\u00e8me de plafond en verre \u00e0 ouverture\/fermeture mobile<\/a>: Offre un look moderne avec des panneaux de verre esth\u00e9tiques et augmente le confort ext\u00e9rieur.<\/li><li><a href=\"https:\/\/www.artminium.com\/fr\/tr_tr\/quest-ce-quune-pergola\/\" target=\"_blank\" rel=\"noopener\">Syst\u00e8me de pergola fixe<\/a>: C&#039;est un syst\u00e8me fixe qui assure l&#039;ombrage des jardins et des espaces ouverts et offre un aspect esth\u00e9tique.<\/li><li><a href=\"https:\/\/www.artminium.com\/fr\/tr_tr\/utilisation-de-pergola-automatique\/\" target=\"_blank\" rel=\"noopener\">Syst\u00e8me de pergola mobile<\/a>: Ce syst\u00e8me de pergola, ouvrant et fermant avec une t\u00e9l\u00e9commande, attire l&#039;attention par son design moderne et sa facilit\u00e9 d&#039;utilisation.<\/li><li><a href=\"https:\/\/www.artminium.com\/fr\/tr_tr\/modeles-et-tarifs-de-facades-mobiles-pare-soleil\/\" target=\"_blank\" rel=\"noopener\">Syst\u00e8me de rideau zipp\u00e9<\/a>: Il permet de contr\u00f4ler la lumi\u00e8re et la chaleur dans les espaces ext\u00e9rieurs gr\u00e2ce \u00e0 sa fonction de protection solaire et constitue une solution d&#039;ombrage moderne.<\/li><\/ul><div>\u00a0<\/div><div>\u00a0<\/div><div>\u00a0<\/div><div>\u00a0<\/div><div>\u00a0<\/div>\t\t\t\t\t\t\t\t<\/div>\n\t\t\t\t<\/div>\n\t\t\t\t\t<\/div>\n\t\t<\/div>\n\t\t\t\t<div class=\"elementor-column elementor-col-50 elementor-top-column elementor-element elementor-element-edeaa7e\" data-id=\"edeaa7e\" data-element_type=\"column\" data-settings=\"{&quot;background_background&quot;:&quot;classic&quot;}\">\n\t\t\t<div class=\"elementor-widget-wrap elementor-element-populated\">\n\t\t\t\t\t\t<div class=\"elementor-element elementor-element-61e91d7 elementor-widget elementor-widget-text-editor\" data-id=\"61e91d7\" data-element_type=\"widget\" data-widget_type=\"text-editor.default\">\n\t\t\t\t<div class=\"elementor-widget-container\">\n\t\t\t\t\t\t\t\t\t<h3 style=\"font-size: 1.76471rem; font-style: normal; color: #000f6f;\">Ensemble<span style=\"(--ast-global-color-4); color: (--ast-global-color-2); font-size: 1.76471rem; font-style: inherit;\"> Sous-syst\u00e8mes utilis\u00e9s<\/span><\/h3><p>Les syst\u00e8mes int\u00e9gr\u00e9s propos\u00e9s par ArtminiuM apportent des solutions fonctionnelles en alliant esth\u00e9tique et durabilit\u00e9 dans les espaces ext\u00e9rieurs. Nos syst\u00e8mes int\u00e9gr\u00e9s pouvant \u00eatre personnalis\u00e9s selon vos besoins sont r\u00e9pertori\u00e9s ci-dessous :<\/p><ul style=\"font-size: 17px; font-style: normal; font-weight: 400;\"><li style=\"font-size: 17px;\"><a style=\"transition-property: all;\" href=\"https:\/\/www.artminium.com\/fr\/tr_tr\/systemes-coulissants-a-isolation-thermique-et-prix\/\" target=\"_blank\" rel=\"noopener\">Syst\u00e8me coulissant<\/a>\u00a0(Coulissant avec double vitrage, coulissant sans double vitrage) : Avec leurs options isol\u00e9es thermiquement et non isol\u00e9es, les syst\u00e8mes coulissants permettent de gagner de la place dans les espaces et offrent un aspect compatible avec l&#039;environnement ext\u00e9rieur.<\/li><li style=\"font-size: 17px;\"><a style=\"transition-property: all;\" href=\"https:\/\/www.artminium.com\/fr\/tr_tr\/modeles-et-prix-de-balcon-en-verre-a-guillotine-automatique\/\" target=\"_blank\" rel=\"noopener\">Syst\u00e8me de verre automatique vertical \u00e0 guillotine<\/a>Les syst\u00e8mes de verre \u00e0 guillotine, qui offrent une structure s\u00fbre et esth\u00e9tique gr\u00e2ce \u00e0 des panneaux de verre se d\u00e9pla\u00e7ant verticalement, ont la particularit\u00e9 de s&#039;ouvrir et de se fermer automatiquement.<\/li><li style=\"font-size: 17px;\"><a style=\"transition-property: all;\" href=\"https:\/\/www.artminium.com\/fr\/tr_tr\/modeles-et-prix-de-balcons-coulissants-en-aluminium-et-verre\/\" target=\"_blank\" rel=\"noopener\">Syst\u00e8me Hebeschiebe<\/a>: C&#039;est un syst\u00e8me de verre durable et convivial utilis\u00e9 dans de larges ouvertures et combinant ext\u00e9rieur et int\u00e9rieur.<\/li><li style=\"font-size: 17px;\"><a style=\"transition-property: all;\" href=\"https:\/\/www.artminium.com\/fr\/tr_tr\/modeles-et-prix-de-balcons-en-verre-pliants\/\" target=\"_blank\" rel=\"noopener\">Syst\u00e8me de balcon en verre pliant<\/a>: Les syst\u00e8mes de verre pliant optimisent l&#039;utilisation de l&#039;espace sur les balcons et conf\u00e8rent un aspect esth\u00e9tique \u00e0 l&#039;ext\u00e9rieur.<\/li><li style=\"font-size: 17px;\"><a style=\"transition-property: all;\" href=\"https:\/\/www.artminium.com\/fr\/tr_tr\/modeles-et-tarifs-de-facades-mobiles-pare-soleil\/\" target=\"_blank\" rel=\"noopener\">Rideau zipp\u00e9<\/a>\u00a0(Vertical \u2013 Horizontal, pour plafond) : les syst\u00e8mes de rideaux \u00e0 fermeture \u00e9clair offrent un confort ext\u00e9rieur en gardant la lumi\u00e8re du soleil et le vent sous contr\u00f4le. Il convient pour une utilisation avec des options verticales et horizontales.<\/li><li style=\"font-size: 17px;\"><a style=\"transition-property: all;\" href=\"https:\/\/www.artminium.com\/fr\/tr_tr\/prix-des-stores\/\" target=\"_blank\" rel=\"noopener\">Porte \u2013 Fen\u00eatre en aluminium<\/a>\u00a0(Isolation thermique, isolation non thermique)\u00a0: Les syst\u00e8mes de portes et fen\u00eatres en aluminium avec des options isol\u00e9es et non isol\u00e9es ajoutent esth\u00e9tique et durabilit\u00e9 aux espaces ext\u00e9rieurs.<\/li><li style=\"font-size: 17px;\"><a style=\"transition-property: all;\" href=\"https:\/\/www.artminium.com\/fr\/tr_tr\/modeles-et-prix-de-portes-dentree-automatiques\/\" target=\"_blank\" rel=\"noopener\">Porte automatique<\/a>: Avec son design convivial, il offre une utilisation pratique aux entr\u00e9es et sorties. Il offre confort et s\u00e9curit\u00e9 gr\u00e2ce aux options de capteur de mouvement ou de t\u00e9l\u00e9commande.<\/li><li style=\"font-size: 17px;\"><a style=\"transition-property: all;\" href=\"https:\/\/www.artminium.com\/fr\/tr_tr\/otomatik-kepenk\/\" target=\"_blank\" rel=\"noopener\">Obturateur automatique<\/a>: Il a \u00e9t\u00e9 d\u00e9velopp\u00e9 sp\u00e9cialement pour assurer la s\u00e9curit\u00e9 dans les zones commerciales. Il augmente la s\u00e9curit\u00e9 en \u00e9tant contr\u00f4l\u00e9 par t\u00e9l\u00e9commande.<\/li><li style=\"font-size: 17px;\"><a style=\"transition-property: all;\" href=\"https:\/\/www.artminium.com\/fr\/tr_tr\/jaluzi\/\" target=\"_blank\" rel=\"noopener\">Jalousie<\/a>: Id\u00e9al pour contr\u00f4ler la lumi\u00e8re du soleil et assurer l\u2019intimit\u00e9, les syst\u00e8mes de stores allient esth\u00e9tique et fonctionnalit\u00e9 \u00e0 une apparence moderne.<\/li><\/ul>\t\t\t\t\t\t\t\t<\/div>\n\t\t\t\t<\/div>\n\t\t\t\t\t<\/div>\n\t\t<\/div>\n\t\t\t\t\t<\/div>\n\t\t<\/section>\n\t\t\t\t<section class=\"elementor-section elementor-top-section elementor-element elementor-element-0809043 elementor-section-boxed elementor-section-height-default elementor-section-height-default\" data-id=\"0809043\" data-element_type=\"section\">\n\t\t\t\t\t\t<div class=\"elementor-container elementor-column-gap-default\">\n\t\t\t\t\t<div class=\"elementor-column elementor-col-100 elementor-top-column elementor-element elementor-element-fb2947d\" data-id=\"fb2947d\" data-element_type=\"column\">\n\t\t\t<div class=\"elementor-widget-wrap elementor-element-populated\">\n\t\t\t\t\t\t<div class=\"elementor-element elementor-element-64b0136 elementor-widget elementor-widget-heading\" data-id=\"64b0136\" data-element_type=\"widget\" data-widget_type=\"heading.default\">\n\t\t\t\t<div class=\"elementor-widget-container\">\n\t\t\t\t\t<h2 class=\"elementor-heading-title elementor-size-default\">Galerie Photos Pergola Bioclimatique Automatique<\/h2>\t\t\t\t<\/div>\n\t\t\t\t<\/div>\n\t\t\t\t<div class=\"elementor-element elementor-element-c35c4ee elementor-widget elementor-widget-gallery\" data-id=\"c35c4ee\" data-element_type=\"widget\" data-settings=\"{&quot;gallery_layout&quot;:&quot;justified&quot;,&quot;ideal_row_height&quot;:{&quot;unit&quot;:&quot;px&quot;,&quot;size&quot;:351,&quot;sizes&quot;:[]},&quot;overlay_title&quot;:&quot;caption&quot;,&quot;lazyload&quot;:&quot;yes&quot;,&quot;ideal_row_height_tablet&quot;:{&quot;unit&quot;:&quot;px&quot;,&quot;size&quot;:150,&quot;sizes&quot;:[]},&quot;ideal_row_height_mobile&quot;:{&quot;unit&quot;:&quot;px&quot;,&quot;size&quot;:150,&quot;sizes&quot;:[]},&quot;gap&quot;:{&quot;unit&quot;:&quot;px&quot;,&quot;size&quot;:10,&quot;sizes&quot;:[]},&quot;gap_tablet&quot;:{&quot;unit&quot;:&quot;px&quot;,&quot;size&quot;:10,&quot;sizes&quot;:[]},&quot;gap_mobile&quot;:{&quot;unit&quot;:&quot;px&quot;,&quot;size&quot;:10,&quot;sizes&quot;:[]},&quot;link_to&quot;:&quot;file&quot;,&quot;overlay_background&quot;:&quot;yes&quot;,&quot;content_hover_animation&quot;:&quot;fade-in&quot;}\" data-widget_type=\"gallery.default\">\n\t\t\t\t<div class=\"elementor-widget-container\">\n\t\t\t\t\t\t\t<div class=\"elementor-gallery__container\">\n\t\t\t\t\t\t\t<a class=\"e-gallery-item elementor-gallery-item elementor-animated-content\" href=\"https:\/\/www.artminium.com\/wp-content\/uploads\/2024\/10\/Bioclimatic-Pergola-ve-ZIp-Perde-Modelleri.webp\" data-elementor-open-lightbox=\"yes\" data-elementor-lightbox-slideshow=\"c35c4ee\" data-elementor-lightbox-title=\"Bioclimatic Pergola \u0130\u00e7 g\u00f6r\u00fcn\u00fcm\" data-e-action-hash=\"#elementor-action%3Aaction%3Dlightbox%26settings%3DeyJpZCI6MzIzNywidXJsIjoiaHR0cHM6XC9cL3d3dy5hcnRtaW5pdW0uY29tXC93cC1jb250ZW50XC91cGxvYWRzXC8yMDI0XC8xMFwvQmlvY2xpbWF0aWMtUGVyZ29sYS12ZS1aSXAtUGVyZGUtTW9kZWxsZXJpLndlYnAiLCJzbGlkZXNob3ciOiJjMzVjNGVlIn0%3D\">\n\t\t\t\t\t<div class=\"e-gallery-image elementor-gallery-item__image\" data-thumbnail=\"https:\/\/www.artminium.com\/wp-content\/uploads\/2024\/10\/Bioclimatic-Pergola-ve-ZIp-Perde-Modelleri-1024x768.webp\" data-width=\"1024\" data-height=\"768\" aria-label=\"\" role=\"img\" ><\/div>\n\t\t\t\t\t\t\t\t\t\t\t<div class=\"elementor-gallery-item__overlay\"><\/div>\n\t\t\t\t\t\t\t\t\t\t\t\t\t\t\t<div class=\"elementor-gallery-item__content\">\n\t\t\t\t\t\t\t\t\t\t\t\t\t\t<div class=\"elementor-gallery-item__title\">\n\t\t\t\t\t\t\t\t\t\t\t\t\t\t\t\t\t\tPergola Bioclimatique Vue int\u00e9rieure\t\t\t\t\t\t\t\t<\/div>\n\t\t\t\t\t\t\t\t\t\t\t\t<\/div>\n\t\t\t\t\t\t\t\t\t<\/a>\n\t\t\t\t\t\t\t<a class=\"e-gallery-item elementor-gallery-item elementor-animated-content\" href=\"https:\/\/www.artminium.com\/wp-content\/uploads\/2024\/10\/Bioclimatic-Bahce-Uygulamasi.webp\" data-elementor-open-lightbox=\"yes\" data-elementor-lightbox-slideshow=\"c35c4ee\" data-elementor-lightbox-title=\"Bioclimatic Pergola Villa\" data-e-action-hash=\"#elementor-action%3Aaction%3Dlightbox%26settings%3DeyJpZCI6MzIzNSwidXJsIjoiaHR0cHM6XC9cL3d3dy5hcnRtaW5pdW0uY29tXC93cC1jb250ZW50XC91cGxvYWRzXC8yMDI0XC8xMFwvQmlvY2xpbWF0aWMtQmFoY2UtVXlndWxhbWFzaS53ZWJwIiwic2xpZGVzaG93IjoiYzM1YzRlZSJ9\">\n\t\t\t\t\t<div class=\"e-gallery-image elementor-gallery-item__image\" data-thumbnail=\"https:\/\/www.artminium.com\/wp-content\/uploads\/2024\/10\/Bioclimatic-Bahce-Uygulamasi-1024x768.webp\" data-width=\"1024\" data-height=\"768\" aria-label=\"\" role=\"img\" ><\/div>\n\t\t\t\t\t\t\t\t\t\t\t<div class=\"elementor-gallery-item__overlay\"><\/div>\n\t\t\t\t\t\t\t\t\t\t\t\t\t\t\t<div class=\"elementor-gallery-item__content\">\n\t\t\t\t\t\t\t\t\t\t\t\t\t\t<div class=\"elementor-gallery-item__title\">\n\t\t\t\t\t\t\t\t\t\t\t\t\t\t\t\t\t\tVilla Pergola Bioclimatique\t\t\t\t\t\t\t\t<\/div>\n\t\t\t\t\t\t\t\t\t\t\t\t<\/div>\n\t\t\t\t\t\t\t\t\t<\/a>\n\t\t\t\t\t\t\t<a class=\"e-gallery-item elementor-gallery-item elementor-animated-content\" href=\"https:\/\/www.artminium.com\/wp-content\/uploads\/2024\/10\/bioklimatic-aluminyum-panel-acilir-tavan-2-1.jpg\" data-elementor-open-lightbox=\"yes\" data-elementor-lightbox-slideshow=\"c35c4ee\" data-elementor-lightbox-title=\"Bioclimatic Pergola Teras Restaurant\" data-e-action-hash=\"#elementor-action%3Aaction%3Dlightbox%26settings%3DeyJpZCI6MzI0MSwidXJsIjoiaHR0cHM6XC9cL3d3dy5hcnRtaW5pdW0uY29tXC93cC1jb250ZW50XC91cGxvYWRzXC8yMDI0XC8xMFwvYmlva2xpbWF0aWMtYWx1bWlueXVtLXBhbmVsLWFjaWxpci10YXZhbi0yLTEuanBnIiwic2xpZGVzaG93IjoiYzM1YzRlZSJ9\">\n\t\t\t\t\t<div class=\"e-gallery-image elementor-gallery-item__image\" data-thumbnail=\"https:\/\/www.artminium.com\/wp-content\/uploads\/2024\/10\/bioklimatic-aluminyum-panel-acilir-tavan-2-1.jpg\" data-width=\"768\" data-height=\"1024\" aria-label=\"\" role=\"img\" ><\/div>\n\t\t\t\t\t\t\t\t\t\t\t<div class=\"elementor-gallery-item__overlay\"><\/div>\n\t\t\t\t\t\t\t\t\t\t\t\t\t\t\t<div class=\"elementor-gallery-item__content\">\n\t\t\t\t\t\t\t\t\t\t\t\t\t\t<div class=\"elementor-gallery-item__title\">\n\t\t\t\t\t\t\t\t\t\t\t\t\t\t\t\t\t\tRestaurant Terrasse Pergola Bioclimatique\t\t\t\t\t\t\t\t<\/div>\n\t\t\t\t\t\t\t\t\t\t\t\t<\/div>\n\t\t\t\t\t\t\t\t\t<\/a>\n\t\t\t\t\t\t\t<a class=\"e-gallery-item elementor-gallery-item elementor-animated-content\" href=\"https:\/\/www.artminium.com\/wp-content\/uploads\/2024\/10\/bioclimatic-aluminyum-acilir-tavan-9.jpg\" data-elementor-open-lightbox=\"yes\" data-elementor-lightbox-slideshow=\"c35c4ee\" data-elementor-lightbox-title=\"Bioclimatic Pergola \u00c7At\u0131\" data-e-action-hash=\"#elementor-action%3Aaction%3Dlightbox%26settings%3DeyJpZCI6MzIyOSwidXJsIjoiaHR0cHM6XC9cL3d3dy5hcnRtaW5pdW0uY29tXC93cC1jb250ZW50XC91cGxvYWRzXC8yMDI0XC8xMFwvYmlvY2xpbWF0aWMtYWx1bWlueXVtLWFjaWxpci10YXZhbi05LmpwZyIsInNsaWRlc2hvdyI6ImMzNWM0ZWUifQ%3D%3D\">\n\t\t\t\t\t<div class=\"e-gallery-image elementor-gallery-item__image\" data-thumbnail=\"https:\/\/www.artminium.com\/wp-content\/uploads\/2024\/10\/bioclimatic-aluminyum-acilir-tavan-9.jpg\" data-width=\"1024\" data-height=\"764\" aria-label=\"\" role=\"img\" ><\/div>\n\t\t\t\t\t\t\t\t\t\t\t<div class=\"elementor-gallery-item__overlay\"><\/div>\n\t\t\t\t\t\t\t\t\t\t\t\t\t\t\t<div class=\"elementor-gallery-item__content\">\n\t\t\t\t\t\t\t\t\t\t\t\t\t\t<div class=\"elementor-gallery-item__title\">\n\t\t\t\t\t\t\t\t\t\t\t\t\t\t\t\t\t\tToiture Pergola Bioclimatique\t\t\t\t\t\t\t\t<\/div>\n\t\t\t\t\t\t\t\t\t\t\t\t<\/div>\n\t\t\t\t\t\t\t\t\t<\/a>\n\t\t\t\t\t\t\t<a class=\"e-gallery-item elementor-gallery-item elementor-animated-content\" href=\"https:\/\/www.artminium.com\/wp-content\/uploads\/2024\/10\/bioclimatic-aluminyum-acilir-tavan-12.jpg\" data-elementor-open-lightbox=\"yes\" data-elementor-lightbox-slideshow=\"c35c4ee\" data-elementor-lightbox-title=\"Bioclimatic Pergola Modeli\" data-e-action-hash=\"#elementor-action%3Aaction%3Dlightbox%26settings%3DeyJpZCI6MzIzMiwidXJsIjoiaHR0cHM6XC9cL3d3dy5hcnRtaW5pdW0uY29tXC93cC1jb250ZW50XC91cGxvYWRzXC8yMDI0XC8xMFwvYmlvY2xpbWF0aWMtYWx1bWlueXVtLWFjaWxpci10YXZhbi0xMi5qcGciLCJzbGlkZXNob3ciOiJjMzVjNGVlIn0%3D\">\n\t\t\t\t\t<div class=\"e-gallery-image elementor-gallery-item__image\" data-thumbnail=\"https:\/\/www.artminium.com\/wp-content\/uploads\/2024\/10\/bioclimatic-aluminyum-acilir-tavan-12-1024x683.jpg\" data-width=\"1024\" data-height=\"683\" aria-label=\"\" role=\"img\" ><\/div>\n\t\t\t\t\t\t\t\t\t\t\t<div class=\"elementor-gallery-item__overlay\"><\/div>\n\t\t\t\t\t\t\t\t\t\t\t\t\t\t\t<div class=\"elementor-gallery-item__content\">\n\t\t\t\t\t\t\t\t\t\t\t\t\t\t<div class=\"elementor-gallery-item__title\">\n\t\t\t\t\t\t\t\t\t\t\t\t\t\t\t\t\t\tMod\u00e8le de pergola bioclimatique\t\t\t\t\t\t\t\t<\/div>\n\t\t\t\t\t\t\t\t\t\t\t\t<\/div>\n\t\t\t\t\t\t\t\t\t<\/a>\n\t\t\t\t\t\t\t<a class=\"e-gallery-item elementor-gallery-item elementor-animated-content\" href=\"https:\/\/www.artminium.com\/wp-content\/uploads\/2024\/10\/bioclimatic-aluminyum-acilir-tavan18.webp\" data-elementor-open-lightbox=\"yes\" data-elementor-lightbox-slideshow=\"c35c4ee\" data-elementor-lightbox-title=\"Bioclimatic Pergola K\u0131\u015f Bah\u00e7esi\" data-e-action-hash=\"#elementor-action%3Aaction%3Dlightbox%26settings%3DeyJpZCI6MzIzNCwidXJsIjoiaHR0cHM6XC9cL3d3dy5hcnRtaW5pdW0uY29tXC93cC1jb250ZW50XC91cGxvYWRzXC8yMDI0XC8xMFwvYmlvY2xpbWF0aWMtYWx1bWlueXVtLWFjaWxpci10YXZhbjE4LndlYnAiLCJzbGlkZXNob3ciOiJjMzVjNGVlIn0%3D\">\n\t\t\t\t\t<div class=\"e-gallery-image elementor-gallery-item__image\" data-thumbnail=\"https:\/\/www.artminium.com\/wp-content\/uploads\/2024\/10\/bioclimatic-aluminyum-acilir-tavan18-1024x768.webp\" data-width=\"1024\" data-height=\"768\" aria-label=\"\" role=\"img\" ><\/div>\n\t\t\t\t\t\t\t\t\t\t\t<div class=\"elementor-gallery-item__overlay\"><\/div>\n\t\t\t\t\t\t\t\t\t\t\t\t\t\t\t<div class=\"elementor-gallery-item__content\">\n\t\t\t\t\t\t\t\t\t\t\t\t\t\t<div class=\"elementor-gallery-item__title\">\n\t\t\t\t\t\t\t\t\t\t\t\t\t\t\t\t\t\tJardin d&#039;hiver pergola bioclimatique\t\t\t\t\t\t\t\t<\/div>\n\t\t\t\t\t\t\t\t\t\t\t\t<\/div>\n\t\t\t\t\t\t\t\t\t<\/a>\n\t\t\t\t\t\t\t<a class=\"e-gallery-item elementor-gallery-item elementor-animated-content\" href=\"https:\/\/www.artminium.com\/wp-content\/uploads\/2024\/10\/Bioclimatic-Pergola-Acik-Alan-Kapama.webp\" data-elementor-open-lightbox=\"yes\" data-elementor-lightbox-slideshow=\"c35c4ee\" data-elementor-lightbox-title=\"Bioclimatic Pergola Teras\" data-e-action-hash=\"#elementor-action%3Aaction%3Dlightbox%26settings%3DeyJpZCI6MzIzNiwidXJsIjoiaHR0cHM6XC9cL3d3dy5hcnRtaW5pdW0uY29tXC93cC1jb250ZW50XC91cGxvYWRzXC8yMDI0XC8xMFwvQmlvY2xpbWF0aWMtUGVyZ29sYS1BY2lrLUFsYW4tS2FwYW1hLndlYnAiLCJzbGlkZXNob3ciOiJjMzVjNGVlIn0%3D\">\n\t\t\t\t\t<div class=\"e-gallery-image elementor-gallery-item__image\" data-thumbnail=\"https:\/\/www.artminium.com\/wp-content\/uploads\/2024\/10\/Bioclimatic-Pergola-Acik-Alan-Kapama-1024x622.webp\" data-width=\"1024\" data-height=\"622\" aria-label=\"\" role=\"img\" ><\/div>\n\t\t\t\t\t\t\t\t\t\t\t<div class=\"elementor-gallery-item__overlay\"><\/div>\n\t\t\t\t\t\t\t\t\t\t\t\t\t\t\t<div class=\"elementor-gallery-item__content\">\n\t\t\t\t\t\t\t\t\t\t\t\t\t\t<div class=\"elementor-gallery-item__title\">\n\t\t\t\t\t\t\t\t\t\t\t\t\t\t\t\t\t\tTerrasse Pergola Bioclimatique\t\t\t\t\t\t\t\t<\/div>\n\t\t\t\t\t\t\t\t\t\t\t\t<\/div>\n\t\t\t\t\t\t\t\t\t<\/a>\n\t\t\t\t\t\t\t<a class=\"e-gallery-item elementor-gallery-item elementor-animated-content\" href=\"https:\/\/www.artminium.com\/wp-content\/uploads\/2024\/10\/bioclimatic-aluminyum-acilir-tavan-4.png\" data-elementor-open-lightbox=\"yes\" data-elementor-lightbox-slideshow=\"c35c4ee\" data-elementor-lightbox-title=\"Bioclimatic Pergola Fiyatlar\u0131\" data-e-action-hash=\"#elementor-action%3Aaction%3Dlightbox%26settings%3DeyJpZCI6MzIyNiwidXJsIjoiaHR0cHM6XC9cL3d3dy5hcnRtaW5pdW0uY29tXC93cC1jb250ZW50XC91cGxvYWRzXC8yMDI0XC8xMFwvYmlvY2xpbWF0aWMtYWx1bWlueXVtLWFjaWxpci10YXZhbi00LnBuZyIsInNsaWRlc2hvdyI6ImMzNWM0ZWUifQ%3D%3D\">\n\t\t\t\t\t<div class=\"e-gallery-image elementor-gallery-item__image\" data-thumbnail=\"https:\/\/www.artminium.com\/wp-content\/uploads\/2024\/10\/bioclimatic-aluminyum-acilir-tavan-4-1024x503.png\" data-width=\"1024\" data-height=\"503\" aria-label=\"\" role=\"img\" ><\/div>\n\t\t\t\t\t\t\t\t\t\t\t<div class=\"elementor-gallery-item__overlay\"><\/div>\n\t\t\t\t\t\t\t\t\t\t\t\t\t\t\t<div class=\"elementor-gallery-item__content\">\n\t\t\t\t\t\t\t\t\t\t\t\t\t\t<div class=\"elementor-gallery-item__title\">\n\t\t\t\t\t\t\t\t\t\t\t\t\t\t\t\t\t\tTarifs Pergola Bioclimatique\t\t\t\t\t\t\t\t<\/div>\n\t\t\t\t\t\t\t\t\t\t\t\t<\/div>\n\t\t\t\t\t\t\t\t\t<\/a>\n\t\t\t\t\t\t\t<a class=\"e-gallery-item elementor-gallery-item elementor-animated-content\" href=\"https:\/\/www.artminium.com\/wp-content\/uploads\/2024\/10\/bioklimatic-aluminyum-panel-acilir-tavan-12.webp\" data-elementor-open-lightbox=\"yes\" data-elementor-lightbox-slideshow=\"c35c4ee\" data-elementor-lightbox-title=\"Bioclimatic Pergola istanbul\" data-e-action-hash=\"#elementor-action%3Aaction%3Dlightbox%26settings%3DeyJpZCI6MzI0OCwidXJsIjoiaHR0cHM6XC9cL3d3dy5hcnRtaW5pdW0uY29tXC93cC1jb250ZW50XC91cGxvYWRzXC8yMDI0XC8xMFwvYmlva2xpbWF0aWMtYWx1bWlueXVtLXBhbmVsLWFjaWxpci10YXZhbi0xMi53ZWJwIiwic2xpZGVzaG93IjoiYzM1YzRlZSJ9\">\n\t\t\t\t\t<div class=\"e-gallery-image elementor-gallery-item__image\" data-thumbnail=\"https:\/\/www.artminium.com\/wp-content\/uploads\/2024\/10\/bioklimatic-aluminyum-panel-acilir-tavan-12-1024x768.webp\" data-width=\"1024\" data-height=\"768\" aria-label=\"\" role=\"img\" ><\/div>\n\t\t\t\t\t\t\t\t\t\t\t<div class=\"elementor-gallery-item__overlay\"><\/div>\n\t\t\t\t\t\t\t\t\t\t\t\t\t\t\t<div class=\"elementor-gallery-item__content\">\n\t\t\t\t\t\t\t\t\t\t\t\t\t\t<div class=\"elementor-gallery-item__title\">\n\t\t\t\t\t\t\t\t\t\t\t\t\t\t\t\t\t\tPergola Bioclimatique Istanbul\t\t\t\t\t\t\t\t<\/div>\n\t\t\t\t\t\t\t\t\t\t\t\t<\/div>\n\t\t\t\t\t\t\t\t\t<\/a>\n\t\t\t\t\t\t\t<a class=\"e-gallery-item elementor-gallery-item elementor-animated-content\" href=\"https:\/\/www.artminium.com\/wp-content\/uploads\/2024\/10\/bioklimatic-aluminyum-panel-acilir-tavan-3.jpg\" data-elementor-open-lightbox=\"yes\" data-elementor-lightbox-slideshow=\"c35c4ee\" data-elementor-lightbox-title=\"Bioclimatic Pergola Veranda Cafe\" data-e-action-hash=\"#elementor-action%3Aaction%3Dlightbox%26settings%3DeyJpZCI6MzI0MiwidXJsIjoiaHR0cHM6XC9cL3d3dy5hcnRtaW5pdW0uY29tXC93cC1jb250ZW50XC91cGxvYWRzXC8yMDI0XC8xMFwvYmlva2xpbWF0aWMtYWx1bWlueXVtLXBhbmVsLWFjaWxpci10YXZhbi0zLmpwZyIsInNsaWRlc2hvdyI6ImMzNWM0ZWUifQ%3D%3D\">\n\t\t\t\t\t<div class=\"e-gallery-image elementor-gallery-item__image\" data-thumbnail=\"https:\/\/www.artminium.com\/wp-content\/uploads\/2024\/10\/bioklimatic-aluminyum-panel-acilir-tavan-3.jpg\" data-width=\"1024\" data-height=\"768\" aria-label=\"\" role=\"img\" ><\/div>\n\t\t\t\t\t\t\t\t\t\t\t<div class=\"elementor-gallery-item__overlay\"><\/div>\n\t\t\t\t\t\t\t\t\t\t\t\t\t\t\t<div class=\"elementor-gallery-item__content\">\n\t\t\t\t\t\t\t\t\t\t\t\t\t\t<div class=\"elementor-gallery-item__title\">\n\t\t\t\t\t\t\t\t\t\t\t\t\t\t\t\t\t\tPergola Bioclimatique V\u00e9randa Caf\u00e9\t\t\t\t\t\t\t\t<\/div>\n\t\t\t\t\t\t\t\t\t\t\t\t<\/div>\n\t\t\t\t\t\t\t\t\t<\/a>\n\t\t\t\t\t\t\t<a class=\"e-gallery-item elementor-gallery-item elementor-animated-content\" href=\"https:\/\/www.artminium.com\/wp-content\/uploads\/2024\/10\/bioclimatic-aluminyum-acilir-tavan-10.jpg\" data-elementor-open-lightbox=\"yes\" data-elementor-lightbox-slideshow=\"c35c4ee\" data-elementor-lightbox-title=\"Bioclimatic Pergola Havuz \u00fcst\u00fc\" data-e-action-hash=\"#elementor-action%3Aaction%3Dlightbox%26settings%3DeyJpZCI6MzIzMCwidXJsIjoiaHR0cHM6XC9cL3d3dy5hcnRtaW5pdW0uY29tXC93cC1jb250ZW50XC91cGxvYWRzXC8yMDI0XC8xMFwvYmlvY2xpbWF0aWMtYWx1bWlueXVtLWFjaWxpci10YXZhbi0xMC5qcGciLCJzbGlkZXNob3ciOiJjMzVjNGVlIn0%3D\">\n\t\t\t\t\t<div class=\"e-gallery-image elementor-gallery-item__image\" data-thumbnail=\"https:\/\/www.artminium.com\/wp-content\/uploads\/2024\/10\/bioclimatic-aluminyum-acilir-tavan-10-1024x768.jpg\" data-width=\"1024\" data-height=\"768\" aria-label=\"\" role=\"img\" ><\/div>\n\t\t\t\t\t\t\t\t\t\t\t<div class=\"elementor-gallery-item__overlay\"><\/div>\n\t\t\t\t\t\t\t\t\t\t\t\t\t\t\t<div class=\"elementor-gallery-item__content\">\n\t\t\t\t\t\t\t\t\t\t\t\t\t\t<div class=\"elementor-gallery-item__title\">\n\t\t\t\t\t\t\t\t\t\t\t\t\t\t\t\t\t\tPergola bioclimatique au dessus de la piscine\t\t\t\t\t\t\t\t<\/div>\n\t\t\t\t\t\t\t\t\t\t\t\t<\/div>\n\t\t\t\t\t\t\t\t\t<\/a>\n\t\t\t\t\t\t\t<a class=\"e-gallery-item elementor-gallery-item elementor-animated-content\" href=\"https:\/\/www.artminium.com\/wp-content\/uploads\/2024\/10\/bioklimatic-aluminyum-panel-acilir-tavan-1.jpg\" data-elementor-open-lightbox=\"yes\" data-elementor-lightbox-slideshow=\"c35c4ee\" data-elementor-lightbox-title=\"Bioclimatic Pergola Havuz Kapatma\" data-e-action-hash=\"#elementor-action%3Aaction%3Dlightbox%26settings%3DeyJpZCI6MzI0MCwidXJsIjoiaHR0cHM6XC9cL3d3dy5hcnRtaW5pdW0uY29tXC93cC1jb250ZW50XC91cGxvYWRzXC8yMDI0XC8xMFwvYmlva2xpbWF0aWMtYWx1bWlueXVtLXBhbmVsLWFjaWxpci10YXZhbi0xLmpwZyIsInNsaWRlc2hvdyI6ImMzNWM0ZWUifQ%3D%3D\">\n\t\t\t\t\t<div class=\"e-gallery-image elementor-gallery-item__image\" data-thumbnail=\"https:\/\/www.artminium.com\/wp-content\/uploads\/2024\/10\/bioklimatic-aluminyum-panel-acilir-tavan-1-1024x768.jpg\" data-width=\"1024\" data-height=\"768\" aria-label=\"\" role=\"img\" ><\/div>\n\t\t\t\t\t\t\t\t\t\t\t<div class=\"elementor-gallery-item__overlay\"><\/div>\n\t\t\t\t\t\t\t\t\t\t\t\t\t\t\t<div class=\"elementor-gallery-item__content\">\n\t\t\t\t\t\t\t\t\t\t\t\t\t\t<div class=\"elementor-gallery-item__title\">\n\t\t\t\t\t\t\t\t\t\t\t\t\t\t\t\t\t\tFermeture Piscine Pergola Bioclimatique\t\t\t\t\t\t\t\t<\/div>\n\t\t\t\t\t\t\t\t\t\t\t\t<\/div>\n\t\t\t\t\t\t\t\t\t<\/a>\n\t\t\t\t\t\t\t<a class=\"e-gallery-item elementor-gallery-item elementor-animated-content\" href=\"https:\/\/www.artminium.com\/wp-content\/uploads\/2024\/10\/bioklimatic-aluminyum-panel-acilir-tavan-5.webp\" data-elementor-open-lightbox=\"yes\" data-elementor-lightbox-slideshow=\"c35c4ee\" data-elementor-lightbox-title=\"Bioclimatic Pergola Restaurant Kapatma modeli\" data-e-action-hash=\"#elementor-action%3Aaction%3Dlightbox%26settings%3DeyJpZCI6MzI0NCwidXJsIjoiaHR0cHM6XC9cL3d3dy5hcnRtaW5pdW0uY29tXC93cC1jb250ZW50XC91cGxvYWRzXC8yMDI0XC8xMFwvYmlva2xpbWF0aWMtYWx1bWlueXVtLXBhbmVsLWFjaWxpci10YXZhbi01LndlYnAiLCJzbGlkZXNob3ciOiJjMzVjNGVlIn0%3D\">\n\t\t\t\t\t<div class=\"e-gallery-image elementor-gallery-item__image\" data-thumbnail=\"https:\/\/www.artminium.com\/wp-content\/uploads\/2024\/10\/bioklimatic-aluminyum-panel-acilir-tavan-5-1024x683.webp\" data-width=\"1024\" data-height=\"683\" aria-label=\"\" role=\"img\" ><\/div>\n\t\t\t\t\t\t\t\t\t\t\t<div class=\"elementor-gallery-item__overlay\"><\/div>\n\t\t\t\t\t\t\t\t\t\t\t\t\t\t\t<div class=\"elementor-gallery-item__content\">\n\t\t\t\t\t\t\t\t\t\t\t\t\t\t<div class=\"elementor-gallery-item__title\">\n\t\t\t\t\t\t\t\t\t\t\t\t\t\t\t\t\t\tMod\u00e8le de fermeture de restaurant pergola bioclimatique\t\t\t\t\t\t\t\t<\/div>\n\t\t\t\t\t\t\t\t\t\t\t\t<\/div>\n\t\t\t\t\t\t\t\t\t<\/a>\n\t\t\t\t\t\t\t<a class=\"e-gallery-item elementor-gallery-item elementor-animated-content\" href=\"https:\/\/www.artminium.com\/wp-content\/uploads\/2024\/10\/bioclimatic-aluminyum-acilir-tavan-8.jpg\" data-elementor-open-lightbox=\"yes\" data-elementor-lightbox-slideshow=\"c35c4ee\" data-elementor-lightbox-title=\"Bioclimatic Pergola Modelleri\" data-e-action-hash=\"#elementor-action%3Aaction%3Dlightbox%26settings%3DeyJpZCI6MzIyOCwidXJsIjoiaHR0cHM6XC9cL3d3dy5hcnRtaW5pdW0uY29tXC93cC1jb250ZW50XC91cGxvYWRzXC8yMDI0XC8xMFwvYmlvY2xpbWF0aWMtYWx1bWlueXVtLWFjaWxpci10YXZhbi04LmpwZyIsInNsaWRlc2hvdyI6ImMzNWM0ZWUifQ%3D%3D\">\n\t\t\t\t\t<div class=\"e-gallery-image elementor-gallery-item__image\" data-thumbnail=\"https:\/\/www.artminium.com\/wp-content\/uploads\/2024\/10\/bioclimatic-aluminyum-acilir-tavan-8.jpg\" data-width=\"768\" data-height=\"1024\" aria-label=\"\" role=\"img\" ><\/div>\n\t\t\t\t\t\t\t\t\t\t\t<div class=\"elementor-gallery-item__overlay\"><\/div>\n\t\t\t\t\t\t\t\t\t\t\t\t\t\t\t<div class=\"elementor-gallery-item__content\">\n\t\t\t\t\t\t\t\t\t\t\t\t\t\t<div class=\"elementor-gallery-item__title\">\n\t\t\t\t\t\t\t\t\t\t\t\t\t\t\t\t\t\tMod\u00e8les de pergolas bioclimatiques\t\t\t\t\t\t\t\t<\/div>\n\t\t\t\t\t\t\t\t\t\t\t\t<\/div>\n\t\t\t\t\t\t\t\t\t<\/a>\n\t\t\t\t\t\t\t<a class=\"e-gallery-item elementor-gallery-item elementor-animated-content\" href=\"https:\/\/www.artminium.com\/wp-content\/uploads\/2024\/10\/bioklimatic-aluminyum-panel-acilir-tavan-6.webp\" data-elementor-open-lightbox=\"yes\" data-elementor-lightbox-slideshow=\"c35c4ee\" data-elementor-lightbox-title=\"Bioclimatic Pergola Teras Kapatma Modeli\" data-e-action-hash=\"#elementor-action%3Aaction%3Dlightbox%26settings%3DeyJpZCI6MzI0NSwidXJsIjoiaHR0cHM6XC9cL3d3dy5hcnRtaW5pdW0uY29tXC93cC1jb250ZW50XC91cGxvYWRzXC8yMDI0XC8xMFwvYmlva2xpbWF0aWMtYWx1bWlueXVtLXBhbmVsLWFjaWxpci10YXZhbi02LndlYnAiLCJzbGlkZXNob3ciOiJjMzVjNGVlIn0%3D\">\n\t\t\t\t\t<div class=\"e-gallery-image elementor-gallery-item__image\" data-thumbnail=\"https:\/\/www.artminium.com\/wp-content\/uploads\/2024\/10\/bioklimatic-aluminyum-panel-acilir-tavan-6.webp\" data-width=\"768\" data-height=\"1024\" aria-label=\"\" role=\"img\" ><\/div>\n\t\t\t\t\t\t\t\t\t\t\t<div class=\"elementor-gallery-item__overlay\"><\/div>\n\t\t\t\t\t\t\t\t\t\t\t\t\t\t\t<div class=\"elementor-gallery-item__content\">\n\t\t\t\t\t\t\t\t\t\t\t\t\t\t<div class=\"elementor-gallery-item__title\">\n\t\t\t\t\t\t\t\t\t\t\t\t\t\t\t\t\t\tMod\u00e8le de couverture de terrasse pergola bioclimatique\t\t\t\t\t\t\t\t<\/div>\n\t\t\t\t\t\t\t\t\t\t\t\t<\/div>\n\t\t\t\t\t\t\t\t\t<\/a>\n\t\t\t\t\t\t\t<a class=\"e-gallery-item elementor-gallery-item elementor-animated-content\" href=\"https:\/\/www.artminium.com\/wp-content\/uploads\/2024\/10\/bioclimatic-aluminyum-acilir-tavan-11.jpg\" data-elementor-open-lightbox=\"yes\" data-elementor-lightbox-slideshow=\"c35c4ee\" data-elementor-lightbox-title=\"Bioclimatic Pergola G\u00f6lgelendirme\" data-e-action-hash=\"#elementor-action%3Aaction%3Dlightbox%26settings%3DeyJpZCI6MzIzMSwidXJsIjoiaHR0cHM6XC9cL3d3dy5hcnRtaW5pdW0uY29tXC93cC1jb250ZW50XC91cGxvYWRzXC8yMDI0XC8xMFwvYmlvY2xpbWF0aWMtYWx1bWlueXVtLWFjaWxpci10YXZhbi0xMS5qcGciLCJzbGlkZXNob3ciOiJjMzVjNGVlIn0%3D\">\n\t\t\t\t\t<div class=\"e-gallery-image elementor-gallery-item__image\" data-thumbnail=\"https:\/\/www.artminium.com\/wp-content\/uploads\/2024\/10\/bioclimatic-aluminyum-acilir-tavan-11-1024x497.jpg\" data-width=\"1024\" data-height=\"497\" aria-label=\"\" role=\"img\" ><\/div>\n\t\t\t\t\t\t\t\t\t\t\t<div class=\"elementor-gallery-item__overlay\"><\/div>\n\t\t\t\t\t\t\t\t\t\t\t\t\t\t\t<div class=\"elementor-gallery-item__content\">\n\t\t\t\t\t\t\t\t\t\t\t\t\t\t<div class=\"elementor-gallery-item__title\">\n\t\t\t\t\t\t\t\t\t\t\t\t\t\t\t\t\t\tOmbrage de pergola bioclimatique\t\t\t\t\t\t\t\t<\/div>\n\t\t\t\t\t\t\t\t\t\t\t\t<\/div>\n\t\t\t\t\t\t\t\t\t<\/a>\n\t\t\t\t\t\t\t<a class=\"e-gallery-item elementor-gallery-item elementor-animated-content\" href=\"https:\/\/www.artminium.com\/wp-content\/uploads\/2024\/10\/Bioclimatic-Pergola-Veranda.webp\" data-elementor-open-lightbox=\"yes\" data-elementor-lightbox-slideshow=\"c35c4ee\" data-elementor-lightbox-title=\"Bioclimatic Pergola A\u00e7\u0131k hali\" data-e-action-hash=\"#elementor-action%3Aaction%3Dlightbox%26settings%3DeyJpZCI6MzIzOCwidXJsIjoiaHR0cHM6XC9cL3d3dy5hcnRtaW5pdW0uY29tXC93cC1jb250ZW50XC91cGxvYWRzXC8yMDI0XC8xMFwvQmlvY2xpbWF0aWMtUGVyZ29sYS1WZXJhbmRhLndlYnAiLCJzbGlkZXNob3ciOiJjMzVjNGVlIn0%3D\">\n\t\t\t\t\t<div class=\"e-gallery-image elementor-gallery-item__image\" data-thumbnail=\"https:\/\/www.artminium.com\/wp-content\/uploads\/2024\/10\/Bioclimatic-Pergola-Veranda-1024x640.webp\" data-width=\"1024\" data-height=\"640\" aria-label=\"\" role=\"img\" ><\/div>\n\t\t\t\t\t\t\t\t\t\t\t<div class=\"elementor-gallery-item__overlay\"><\/div>\n\t\t\t\t\t\t\t\t\t\t\t\t\t\t\t<div class=\"elementor-gallery-item__content\">\n\t\t\t\t\t\t\t\t\t\t\t\t\t\t<div class=\"elementor-gallery-item__title\">\n\t\t\t\t\t\t\t\t\t\t\t\t\t\t\t\t\t\tPergola Bioclimatique Version ouverte\t\t\t\t\t\t\t\t<\/div>\n\t\t\t\t\t\t\t\t\t\t\t\t<\/div>\n\t\t\t\t\t\t\t\t\t<\/a>\n\t\t\t\t\t\t\t<a class=\"e-gallery-item elementor-gallery-item elementor-animated-content\" href=\"https:\/\/www.artminium.com\/wp-content\/uploads\/2024\/10\/Bioclimatic-Restaurant-Kapatma.webp\" data-elementor-open-lightbox=\"yes\" data-elementor-lightbox-slideshow=\"c35c4ee\" data-elementor-lightbox-title=\"Bioclimatic Pergola Cafe Kapatma\" data-e-action-hash=\"#elementor-action%3Aaction%3Dlightbox%26settings%3DeyJpZCI6MzIzOSwidXJsIjoiaHR0cHM6XC9cL3d3dy5hcnRtaW5pdW0uY29tXC93cC1jb250ZW50XC91cGxvYWRzXC8yMDI0XC8xMFwvQmlvY2xpbWF0aWMtUmVzdGF1cmFudC1LYXBhdG1hLndlYnAiLCJzbGlkZXNob3ciOiJjMzVjNGVlIn0%3D\">\n\t\t\t\t\t<div class=\"e-gallery-image elementor-gallery-item__image\" data-thumbnail=\"https:\/\/www.artminium.com\/wp-content\/uploads\/2024\/10\/Bioclimatic-Restaurant-Kapatma-1024x768.webp\" data-width=\"1024\" data-height=\"768\" aria-label=\"\" role=\"img\" ><\/div>\n\t\t\t\t\t\t\t\t\t\t\t<div class=\"elementor-gallery-item__overlay\"><\/div>\n\t\t\t\t\t\t\t\t\t\t\t\t\t\t\t<div class=\"elementor-gallery-item__content\">\n\t\t\t\t\t\t\t\t\t\t\t\t\t\t<div class=\"elementor-gallery-item__title\">\n\t\t\t\t\t\t\t\t\t\t\t\t\t\t\t\t\t\tFermeture du Caf\u00e9 Pergola Bioclimatique\t\t\t\t\t\t\t\t<\/div>\n\t\t\t\t\t\t\t\t\t\t\t\t<\/div>\n\t\t\t\t\t\t\t\t\t<\/a>\n\t\t\t\t\t\t\t<a class=\"e-gallery-item elementor-gallery-item elementor-animated-content\" href=\"https:\/\/www.artminium.com\/wp-content\/uploads\/2024\/10\/bioklimatic-aluminyum-panel-acilir-tavan-10.jpg\" data-elementor-open-lightbox=\"yes\" data-elementor-lightbox-slideshow=\"c35c4ee\" data-elementor-lightbox-title=\"Bioclimatic Pergola Kapal\u0131 hali teras\" data-e-action-hash=\"#elementor-action%3Aaction%3Dlightbox%26settings%3DeyJpZCI6MzI0NywidXJsIjoiaHR0cHM6XC9cL3d3dy5hcnRtaW5pdW0uY29tXC93cC1jb250ZW50XC91cGxvYWRzXC8yMDI0XC8xMFwvYmlva2xpbWF0aWMtYWx1bWlueXVtLXBhbmVsLWFjaWxpci10YXZhbi0xMC5qcGciLCJzbGlkZXNob3ciOiJjMzVjNGVlIn0%3D\">\n\t\t\t\t\t<div class=\"e-gallery-image elementor-gallery-item__image\" data-thumbnail=\"https:\/\/www.artminium.com\/wp-content\/uploads\/2024\/10\/bioklimatic-aluminyum-panel-acilir-tavan-10.jpg\" data-width=\"768\" data-height=\"1024\" aria-label=\"\" role=\"img\" ><\/div>\n\t\t\t\t\t\t\t\t\t\t\t<div class=\"elementor-gallery-item__overlay\"><\/div>\n\t\t\t\t\t\t\t\t\t\t\t\t\t\t\t<div class=\"elementor-gallery-item__content\">\n\t\t\t\t\t\t\t\t\t\t\t\t\t\t<div class=\"elementor-gallery-item__title\">\n\t\t\t\t\t\t\t\t\t\t\t\t\t\t\t\t\t\tPergola Bioclimatique Terrasse ferm\u00e9e\t\t\t\t\t\t\t\t<\/div>\n\t\t\t\t\t\t\t\t\t\t\t\t<\/div>\n\t\t\t\t\t\t\t\t\t<\/a>\n\t\t\t\t\t\t\t<a class=\"e-gallery-item elementor-gallery-item elementor-animated-content\" href=\"https:\/\/www.artminium.com\/wp-content\/uploads\/2024\/10\/bioclimatic-aluminyum-acilir-tavan-7.jpg\" data-elementor-open-lightbox=\"yes\" data-elementor-lightbox-slideshow=\"c35c4ee\" data-elementor-lightbox-title=\"Bioclimatic Pergola \u00c7e\u015fitleri\" data-e-action-hash=\"#elementor-action%3Aaction%3Dlightbox%26settings%3DeyJpZCI6MzIyNywidXJsIjoiaHR0cHM6XC9cL3d3dy5hcnRtaW5pdW0uY29tXC93cC1jb250ZW50XC91cGxvYWRzXC8yMDI0XC8xMFwvYmlvY2xpbWF0aWMtYWx1bWlueXVtLWFjaWxpci10YXZhbi03LmpwZyIsInNsaWRlc2hvdyI6ImMzNWM0ZWUifQ%3D%3D\">\n\t\t\t\t\t<div class=\"e-gallery-image elementor-gallery-item__image\" data-thumbnail=\"https:\/\/www.artminium.com\/wp-content\/uploads\/2024\/10\/bioclimatic-aluminyum-acilir-tavan-7.jpg\" data-width=\"768\" data-height=\"1024\" aria-label=\"\" role=\"img\" ><\/div>\n\t\t\t\t\t\t\t\t\t\t\t<div class=\"elementor-gallery-item__overlay\"><\/div>\n\t\t\t\t\t\t\t\t\t\t\t\t\t\t\t<div class=\"elementor-gallery-item__content\">\n\t\t\t\t\t\t\t\t\t\t\t\t\t\t<div class=\"elementor-gallery-item__title\">\n\t\t\t\t\t\t\t\t\t\t\t\t\t\t\t\t\t\tTypes de pergolas bioclimatiques\t\t\t\t\t\t\t\t<\/div>\n\t\t\t\t\t\t\t\t\t\t\t\t<\/div>\n\t\t\t\t\t\t\t\t\t<\/a>\n\t\t\t\t\t\t\t<a class=\"e-gallery-item elementor-gallery-item elementor-animated-content\" href=\"https:\/\/www.artminium.com\/wp-content\/uploads\/2024\/10\/bioklimatic-aluminyum-panel-acilir-tavan-4.jpg\" data-elementor-open-lightbox=\"yes\" data-elementor-lightbox-slideshow=\"c35c4ee\" data-elementor-lightbox-title=\"Bioclimatic Pergola Sundurma\" data-e-action-hash=\"#elementor-action%3Aaction%3Dlightbox%26settings%3DeyJpZCI6MzI0MywidXJsIjoiaHR0cHM6XC9cL3d3dy5hcnRtaW5pdW0uY29tXC93cC1jb250ZW50XC91cGxvYWRzXC8yMDI0XC8xMFwvYmlva2xpbWF0aWMtYWx1bWlueXVtLXBhbmVsLWFjaWxpci10YXZhbi00LmpwZyIsInNsaWRlc2hvdyI6ImMzNWM0ZWUifQ%3D%3D\">\n\t\t\t\t\t<div class=\"e-gallery-image elementor-gallery-item__image\" data-thumbnail=\"https:\/\/www.artminium.com\/wp-content\/uploads\/2024\/10\/bioklimatic-aluminyum-panel-acilir-tavan-4.jpg\" data-width=\"768\" data-height=\"1024\" aria-label=\"\" role=\"img\" ><\/div>\n\t\t\t\t\t\t\t\t\t\t\t<div class=\"elementor-gallery-item__overlay\"><\/div>\n\t\t\t\t\t\t\t\t\t\t\t\t\t\t\t<div class=\"elementor-gallery-item__content\">\n\t\t\t\t\t\t\t\t\t\t\t\t\t\t<div class=\"elementor-gallery-item__title\">\n\t\t\t\t\t\t\t\t\t\t\t\t\t\t\t\t\t\tPorche Pergola Bioclimatique\t\t\t\t\t\t\t\t<\/div>\n\t\t\t\t\t\t\t\t\t\t\t\t<\/div>\n\t\t\t\t\t\t\t\t\t<\/a>\n\t\t\t\t\t\t\t<a class=\"e-gallery-item elementor-gallery-item elementor-animated-content\" href=\"https:\/\/www.artminium.com\/wp-content\/uploads\/2024\/10\/bioclimatic-aluminyum-acilir-tavan3.png\" data-elementor-open-lightbox=\"yes\" data-elementor-lightbox-slideshow=\"c35c4ee\" data-elementor-lightbox-title=\"Bioclimatic Pergola ASk\u0131l\u0131\" data-e-action-hash=\"#elementor-action%3Aaction%3Dlightbox%26settings%3DeyJpZCI6MzIzMywidXJsIjoiaHR0cHM6XC9cL3d3dy5hcnRtaW5pdW0uY29tXC93cC1jb250ZW50XC91cGxvYWRzXC8yMDI0XC8xMFwvYmlvY2xpbWF0aWMtYWx1bWlueXVtLWFjaWxpci10YXZhbjMucG5nIiwic2xpZGVzaG93IjoiYzM1YzRlZSJ9\">\n\t\t\t\t\t<div class=\"e-gallery-image elementor-gallery-item__image\" data-thumbnail=\"https:\/\/www.artminium.com\/wp-content\/uploads\/2024\/10\/bioclimatic-aluminyum-acilir-tavan3-1024x839.png\" data-width=\"1024\" data-height=\"839\" aria-label=\"\" role=\"img\" ><\/div>\n\t\t\t\t\t\t\t\t\t\t\t<div class=\"elementor-gallery-item__overlay\"><\/div>\n\t\t\t\t\t\t\t\t\t\t\t\t\t\t\t<div class=\"elementor-gallery-item__content\">\n\t\t\t\t\t\t\t\t\t\t\t\t\t\t<div class=\"elementor-gallery-item__title\">\n\t\t\t\t\t\t\t\t\t\t\t\t\t\t\t\t\t\tPergola Bioclimatique Suspendue\t\t\t\t\t\t\t\t<\/div>\n\t\t\t\t\t\t\t\t\t\t\t\t<\/div>\n\t\t\t\t\t\t\t\t\t<\/a>\n\t\t\t\t\t\t\t<a class=\"e-gallery-item elementor-gallery-item elementor-animated-content\" href=\"https:\/\/www.artminium.com\/wp-content\/uploads\/2024\/10\/bioklimatic-aluminyum-panel-acilir-tavan-7.webp\" data-elementor-open-lightbox=\"yes\" data-elementor-lightbox-slideshow=\"c35c4ee\" data-elementor-lightbox-title=\"Bioclimatic Pergola Veranda Kapatma Modelleri neler\" data-e-action-hash=\"#elementor-action%3Aaction%3Dlightbox%26settings%3DeyJpZCI6MzI0NiwidXJsIjoiaHR0cHM6XC9cL3d3dy5hcnRtaW5pdW0uY29tXC93cC1jb250ZW50XC91cGxvYWRzXC8yMDI0XC8xMFwvYmlva2xpbWF0aWMtYWx1bWlueXVtLXBhbmVsLWFjaWxpci10YXZhbi03LndlYnAiLCJzbGlkZXNob3ciOiJjMzVjNGVlIn0%3D\">\n\t\t\t\t\t<div class=\"e-gallery-image elementor-gallery-item__image\" data-thumbnail=\"https:\/\/www.artminium.com\/wp-content\/uploads\/2024\/10\/bioklimatic-aluminyum-panel-acilir-tavan-7.webp\" data-width=\"1024\" data-height=\"768\" aria-label=\"\" role=\"img\" ><\/div>\n\t\t\t\t\t\t\t\t\t\t\t<div class=\"elementor-gallery-item__overlay\"><\/div>\n\t\t\t\t\t\t\t\t\t\t\t\t\t\t\t<div class=\"elementor-gallery-item__content\">\n\t\t\t\t\t\t\t\t\t\t\t\t\t\t<div class=\"elementor-gallery-item__title\">\n\t\t\t\t\t\t\t\t\t\t\t\t\t\t\t\t\t\tQuels sont les mod\u00e8les de fermeture de v\u00e9randa pergola bioclimatique ?\t\t\t\t\t\t\t\t<\/div>\n\t\t\t\t\t\t\t\t\t\t\t\t<\/div>\n\t\t\t\t\t\t\t\t\t<\/a>\n\t\t\t\t\t<\/div>\n\t\t\t\t\t<\/div>\n\t\t\t\t<\/div>\n\t\t\t\t\t<\/div>\n\t\t<\/div>\n\t\t\t\t\t<\/div>\n\t\t<\/section>\n\t\t\t\t<\/div>","protected":false},"excerpt":{"rendered":"<p>Otomatik Bioklimatik Pergola M\u0130MAR\u0130YE HAREKET KATTIK ! ONLINE F\u0130YAT TEKL\u0130F\u0130 \u0130\u00c7\u0130N TIKLAYIN Bioklimatik Pergola \u00c7e\u015fitleri Bioklimatik Pergola Modellerimiz Otomatik Bioklimatik Pergola Bioklimatik Pergola Nedir? ArtminiuM Bioclimatic Pergola, al\u00fcminyum panellerle donat\u0131lm\u0131\u015f, a\u00e7\u0131l\u0131r-kapan\u0131r bir sistem olup, tam a\u00e7\u0131l\u0131m ve panellerin oldu\u011fu yerde 90 derece d\u00f6nmesi ile havaland\u0131rma sa\u011flar. D\u0131\u015f mekanlarda iklim ko\u015fullar\u0131na uyum sa\u011flayarak kullan\u0131c\u0131ya her mevsim [&hellip;]<\/p>","protected":false},"author":1,"featured_media":3219,"parent":0,"menu_order":0,"comment_status":"closed","ping_status":"closed","template":"","meta":{"site-sidebar-layout":"no-sidebar","site-content-layout":"page-builder","ast-site-content-layout":"full-width-container","site-content-style":"unboxed","site-sidebar-style":"unboxed","ast-global-header-display":"","ast-banner-title-visibility":"","ast-main-header-display":"","ast-hfb-above-header-display":"","ast-hfb-below-header-display":"","ast-hfb-mobile-header-display":"","site-post-title":"disabled","ast-breadcrumbs-content":"disabled","ast-featured-img":"disabled","footer-sml-layout":"","theme-transparent-header-meta":"enabled","adv-header-id-meta":"","stick-header-meta":"","header-above-stick-meta":"","header-main-stick-meta":"","header-below-stick-meta":"","astra-migrate-meta-layouts":"set","ast-page-background-enabled":"default","ast-page-background-meta":{"desktop":{"background-color":"","background-image":"","background-repeat":"repeat","background-position":"center center","background-size":"auto","background-attachment":"scroll","background-type":"","background-media":"","overlay-type":"","overlay-color":"","overlay-opacity":"","overlay-gradient":""},"tablet":{"background-color":"","background-image":"","background-repeat":"repeat","background-position":"center center","background-size":"auto","background-attachment":"scroll","background-type":"","background-media":"","overlay-type":"","overlay-color":"","overlay-opacity":"","overlay-gradient":""},"mobile":{"background-color":"","background-image":"","background-repeat":"repeat","background-position":"center center","background-size":"auto","background-attachment":"scroll","background-type":"","background-media":"","overlay-type":"","overlay-color":"","overlay-opacity":"","overlay-gradient":""}},"ast-content-background-meta":{"desktop":{"background-color":"var(--ast-global-color-5)","background-image":"","background-repeat":"repeat","background-position":"center center","background-size":"auto","background-attachment":"scroll","background-type":"","background-media":"","overlay-type":"","overlay-color":"","overlay-opacity":"","overlay-gradient":""},"tablet":{"background-color":"var(--ast-global-color-5)","background-image":"","background-repeat":"repeat","background-position":"center center","background-size":"auto","background-attachment":"scroll","background-type":"","background-media":"","overlay-type":"","overlay-color":"","overlay-opacity":"","overlay-gradient":""},"mobile":{"background-color":"var(--ast-global-color-5)","background-image":"","background-repeat":"repeat","background-position":"center center","background-size":"auto","background-attachment":"scroll","background-type":"","background-media":"","overlay-type":"","overlay-color":"","overlay-opacity":"","overlay-gradient":""}},"footnotes":""},"class_list":["post-1701","page","type-page","status-publish","has-post-thumbnail","hentry"],"_links":{"self":[{"href":"https:\/\/www.artminium.com\/fr\/wp-json\/wp\/v2\/pages\/1701","targetHints":{"allow":["GET"]}}],"collection":[{"href":"https:\/\/www.artminium.com\/fr\/wp-json\/wp\/v2\/pages"}],"about":[{"href":"https:\/\/www.artminium.com\/fr\/wp-json\/wp\/v2\/types\/page"}],"author":[{"embeddable":true,"href":"https:\/\/www.artminium.com\/fr\/wp-json\/wp\/v2\/users\/1"}],"replies":[{"embeddable":true,"href":"https:\/\/www.artminium.com\/fr\/wp-json\/wp\/v2\/comments?post=1701"}],"version-history":[{"count":15,"href":"https:\/\/www.artminium.com\/fr\/wp-json\/wp\/v2\/pages\/1701\/revisions"}],"predecessor-version":[{"id":5320,"href":"https:\/\/www.artminium.com\/fr\/wp-json\/wp\/v2\/pages\/1701\/revisions\/5320"}],"wp:featuredmedia":[{"embeddable":true,"href":"https:\/\/www.artminium.com\/fr\/wp-json\/wp\/v2\/media\/3219"}],"wp:attachment":[{"href":"https:\/\/www.artminium.com\/fr\/wp-json\/wp\/v2\/media?parent=1701"}],"curies":[{"name":"wp","href":"https:\/\/api.w.org\/{rel}","templated":true}]}}